{"id":2044,"date":"2025-11-12T15:35:10","date_gmt":"2025-11-12T14:35:10","guid":{"rendered":"https:\/\/separ.dev-pixalla.de\/ferias\/"},"modified":"2026-03-16T09:45:49","modified_gmt":"2026-03-16T08:45:49","slug":"ferias","status":"publish","type":"page","link":"https:\/\/www.separ.de\/es\/ferias\/","title":{"rendered":"Ferias"},"content":{"rendered":"\t\t<div data-elementor-type=\"wp-page\" data-elementor-id=\"2044\" class=\"elementor elementor-2044 elementor-1284\" data-elementor-post-type=\"page\">\n\t\t\t\t<div class=\"elementor-element elementor-element-48205f2 e-con-full e-flex e-con e-parent\" data-id=\"48205f2\" data-element_type=\"container\" data-e-type=\"container\" data-settings=\"{&quot;background_background&quot;:&quot;classic&quot;}\">\n\t\t\t\t<div class=\"elementor-element elementor-element-1d181d6 elementor-widget-divider--view-line elementor-widget elementor-widget-divider\" data-id=\"1d181d6\" data-element_type=\"widget\" data-e-type=\"widget\" data-widget_type=\"divider.default\">\n\t\t\t\t\t\t\t<div class=\"elementor-divider\">\n\t\t\t<span class=\"elementor-divider-separator\">\n\t\t\t\t\t\t<\/span>\n\t\t<\/div>\n\t\t\t\t\t\t<\/div>\n\t\t\t\t<\/div>\n\t\t<div class=\"elementor-element elementor-element-3b3c7e4 e-flex e-con-boxed e-con e-parent\" data-id=\"3b3c7e4\" data-element_type=\"container\" data-e-type=\"container\">\n\t\t\t\t\t<div class=\"e-con-inner\">\n\t\t\t\t<div class=\"elementor-element elementor-element-5eabe91 elementor-widget elementor-widget-text-editor\" data-id=\"5eabe91\" data-element_type=\"widget\" data-e-type=\"widget\" data-widget_type=\"text-editor.default\">\n\t\t\t\t\t\t\t\t\t<p>Ferias<\/p>\t\t\t\t\t\t\t\t<\/div>\n\t\t\t\t<div class=\"elementor-element elementor-element-ce96753 elementor-widget elementor-widget-heading\" data-id=\"ce96753\" data-element_type=\"widget\" data-e-type=\"widget\" data-widget_type=\"heading.default\">\n\t\t\t\t\t<h2 class=\"elementor-heading-title elementor-size-default\">Nuestra participaci\u00f3n en ferias en 2026<\/h2>\t\t\t\t<\/div>\n\t\t\t\t\t<\/div>\n\t\t\t\t<\/div>\n\t\t<div class=\"elementor-element elementor-element-47a6e44 e-grid e-con-boxed e-con e-parent\" data-id=\"47a6e44\" data-element_type=\"container\" data-e-type=\"container\">\n\t\t\t\t\t<div class=\"e-con-inner\">\n\t\t<div class=\"elementor-element elementor-element-26a6e9e e-con-full e-flex e-con e-child\" data-id=\"26a6e9e\" data-element_type=\"container\" data-e-type=\"container\" data-settings=\"{&quot;background_background&quot;:&quot;classic&quot;}\">\n\t\t<div class=\"elementor-element elementor-element-97d1619 e-con-full e-flex e-con e-child\" data-id=\"97d1619\" data-element_type=\"container\" data-e-type=\"container\" data-settings=\"{&quot;background_background&quot;:&quot;classic&quot;}\">\n\t\t\t\t<div class=\"elementor-element elementor-element-ebf032e ipx-bild elementor-widget elementor-widget-image\" data-id=\"ebf032e\" data-element_type=\"widget\" data-e-type=\"widget\" data-widget_type=\"image.default\">\n\t\t\t\t\t\t\t\t\t\t\t\t\t\t\t<img decoding=\"async\" width=\"296\" height=\"150\" src=\"https:\/\/www.separ.de\/wp-content\/uploads\/2026\/03\/abenteuer-allrad-logo-x150.png\" class=\"attachment-large size-large wp-image-7049\" alt=\"\" \/>\t\t\t\t\t\t\t\t\t\t\t\t\t\t\t<\/div>\n\t\t\t\t<\/div>\n\t\t<div class=\"elementor-element elementor-element-0331774 e-con-full e-flex e-con e-child\" data-id=\"0331774\" data-element_type=\"container\" data-e-type=\"container\">\n\t\t\t\t<div class=\"elementor-element elementor-element-a138bfb elementor-widget elementor-widget-heading\" data-id=\"a138bfb\" data-element_type=\"widget\" data-e-type=\"widget\" data-widget_type=\"heading.default\">\n\t\t\t\t\t<h3 class=\"elementor-heading-title elementor-size-default\">Abenteuer &amp; Allrad Bad Kissingen<\/h3>\t\t\t\t<\/div>\n\t\t\t\t<div class=\"elementor-element elementor-element-7bbe83b elementor-widget-divider--view-line elementor-widget elementor-widget-divider\" data-id=\"7bbe83b\" data-element_type=\"widget\" data-e-type=\"widget\" data-widget_type=\"divider.default\">\n\t\t\t\t\t\t\t<div class=\"elementor-divider\">\n\t\t\t<span class=\"elementor-divider-separator\">\n\t\t\t\t\t\t<\/span>\n\t\t<\/div>\n\t\t\t\t\t\t<\/div>\n\t\t\t\t<div class=\"elementor-element elementor-element-bf3d6b9 elementor-widget elementor-widget-text-editor\" data-id=\"bf3d6b9\" data-element_type=\"widget\" data-e-type=\"widget\" data-widget_type=\"text-editor.default\">\n\t\t\t\t\t\t\t\t\t<p><strong><span style=\"color: #142191;\">Fecha: <\/span><\/strong><span style=\"color: #000000;\">04-06 \u2013 07-06-2026<br><strong style=\"color: #333333;\"><span style=\"color: #142191;\">Stand \/ Pabell\u00f3n: <\/span><\/strong>Informaci\u00f3n pr\u00f3ximamente (junto con el socio de ventas <em>Offroad Motorhomes<\/em>)<\/span><\/p>\t\t\t\t\t\t\t\t<\/div>\n\t\t\t\t<div class=\"elementor-element elementor-element-1e9d413 elementor-widget-divider--view-line elementor-widget elementor-widget-divider\" data-id=\"1e9d413\" data-element_type=\"widget\" data-e-type=\"widget\" data-widget_type=\"divider.default\">\n\t\t\t\t\t\t\t<div class=\"elementor-divider\">\n\t\t\t<span class=\"elementor-divider-separator\">\n\t\t\t\t\t\t<\/span>\n\t\t<\/div>\n\t\t\t\t\t\t<\/div>\n\t\t\t\t<div class=\"elementor-element elementor-element-a8d8fc2 elementor-widget elementor-widget-text-editor\" data-id=\"a8d8fc2\" data-element_type=\"widget\" data-e-type=\"widget\" data-widget_type=\"text-editor.default\">\n\t\t\t\t\t\t\t\t\t<p>La Abenteuer &amp; Allrad es una de las mayores ferias de veh\u00edculos todoterreno y autocaravanas del mundo.<br>Presentamos nuestras robustas soluciones de filtraci\u00f3n para veh\u00edculos todoterreno, autocaravanas y aplicaciones especiales, en vivo, para tocar y en intercambio directo con visitantes profesionales.<\/p>\t\t\t\t\t\t\t\t<\/div>\n\t\t\t\t<\/div>\n\t\t\t\t<\/div>\n\t\t<div class=\"elementor-element elementor-element-9f549c5 e-con-full e-flex e-con e-child\" data-id=\"9f549c5\" data-element_type=\"container\" data-e-type=\"container\" data-settings=\"{&quot;background_background&quot;:&quot;classic&quot;}\">\n\t\t<div class=\"elementor-element elementor-element-88f5b7c e-con-full e-flex e-con e-child\" data-id=\"88f5b7c\" data-element_type=\"container\" data-e-type=\"container\" data-settings=\"{&quot;background_background&quot;:&quot;classic&quot;}\">\n\t\t\t\t<div class=\"elementor-element elementor-element-38b1c0e ipx-bild elementor-widget elementor-widget-image\" data-id=\"38b1c0e\" data-element_type=\"widget\" data-e-type=\"widget\" data-widget_type=\"image.default\">\n\t\t\t\t\t\t\t\t\t\t\t\t\t\t\t<img decoding=\"async\" width=\"333\" height=\"135\" src=\"https:\/\/www.separ.de\/wp-content\/uploads\/2025\/11\/REICH-fair_smm_hamburg_logo.png\" class=\"attachment-large size-large wp-image-2046\" alt=\"\" srcset=\"https:\/\/www.separ.de\/wp-content\/uploads\/2025\/11\/REICH-fair_smm_hamburg_logo.png 333w, https:\/\/www.separ.de\/wp-content\/uploads\/2025\/11\/REICH-fair_smm_hamburg_logo-300x122.png 300w\" sizes=\"(max-width: 333px) 100vw, 333px\" \/>\t\t\t\t\t\t\t\t\t\t\t\t\t\t\t<\/div>\n\t\t\t\t<\/div>\n\t\t<div class=\"elementor-element elementor-element-f15ebaa e-con-full e-flex e-con e-child\" data-id=\"f15ebaa\" data-element_type=\"container\" data-e-type=\"container\">\n\t\t\t\t<div class=\"elementor-element elementor-element-35d270c elementor-widget elementor-widget-heading\" data-id=\"35d270c\" data-element_type=\"widget\" data-e-type=\"widget\" data-widget_type=\"heading.default\">\n\t\t\t\t\t<h3 class=\"elementor-heading-title elementor-size-default\">SMM Hamburgo<\/h3>\t\t\t\t<\/div>\n\t\t\t\t<div class=\"elementor-element elementor-element-0f33e79 elementor-widget-divider--view-line elementor-widget elementor-widget-divider\" data-id=\"0f33e79\" data-element_type=\"widget\" data-e-type=\"widget\" data-widget_type=\"divider.default\">\n\t\t\t\t\t\t\t<div class=\"elementor-divider\">\n\t\t\t<span class=\"elementor-divider-separator\">\n\t\t\t\t\t\t<\/span>\n\t\t<\/div>\n\t\t\t\t\t\t<\/div>\n\t\t\t\t<div class=\"elementor-element elementor-element-886fced elementor-widget elementor-widget-text-editor\" data-id=\"886fced\" data-element_type=\"widget\" data-e-type=\"widget\" data-widget_type=\"text-editor.default\">\n\t\t\t\t\t\t\t\t\t<p><strong><span style=\"color: #142191;\">Fecha: <\/span><\/strong><span style=\"color: #000000;\">01.09. \u2013 04.09.2026<br><strong style=\"color: #333333;\"><span style=\"color: #142191;\">Stand \/ Pabell\u00f3n: <\/span><\/strong><span style=\"color: #142191;\"><span style=\"color: #000000;\">Pabell\u00f3n A1 Stand 408<\/span><\/span><\/span><\/p>\t\t\t\t\t\t\t\t<\/div>\n\t\t\t\t<div class=\"elementor-element elementor-element-434171e elementor-widget-divider--view-line elementor-widget elementor-widget-divider\" data-id=\"434171e\" data-element_type=\"widget\" data-e-type=\"widget\" data-widget_type=\"divider.default\">\n\t\t\t\t\t\t\t<div class=\"elementor-divider\">\n\t\t\t<span class=\"elementor-divider-separator\">\n\t\t\t\t\t\t<\/span>\n\t\t<\/div>\n\t\t\t\t\t\t<\/div>\n\t\t\t\t<div class=\"elementor-element elementor-element-7f4f560 elementor-widget elementor-widget-text-editor\" data-id=\"7f4f560\" data-element_type=\"widget\" data-e-type=\"widget\" data-widget_type=\"text-editor.default\">\n\t\t\t\t\t\t\t\t\t<p>La SMM es la feria l\u00edder internacional de construcci\u00f3n naval y tecnolog\u00edas mar\u00edtimas.<br data-start=\"123\" data-end=\"126\">Presentamos nuestras \u00faltimas soluciones de filtraci\u00f3n para buques, aplicaciones offshore e instalaciones industriales: en directo y para verlas y tocarlas.<\/p>\t\t\t\t\t\t\t\t<\/div>\n\t\t\t\t<\/div>\n\t\t\t\t<\/div>\n\t\t<div class=\"elementor-element elementor-element-c4ac761 e-con-full e-flex e-con e-child\" data-id=\"c4ac761\" data-element_type=\"container\" data-e-type=\"container\" data-settings=\"{&quot;background_background&quot;:&quot;classic&quot;}\">\n\t\t<div class=\"elementor-element elementor-element-39b4a09 e-con-full e-flex e-con e-child\" data-id=\"39b4a09\" data-element_type=\"container\" data-e-type=\"container\" data-settings=\"{&quot;background_background&quot;:&quot;classic&quot;}\">\n\t\t\t\t<div class=\"elementor-element elementor-element-3b2a7ec ipx-bild elementor-widget elementor-widget-image\" data-id=\"3b2a7ec\" data-element_type=\"widget\" data-e-type=\"widget\" data-widget_type=\"image.default\">\n\t\t\t\t\t\t\t\t\t\t\t\t\t\t\t<img fetchpriority=\"high\" decoding=\"async\" width=\"800\" height=\"449\" src=\"https:\/\/www.separ.de\/wp-content\/uploads\/2025\/11\/66dea52cc5c5056441a4f59d_automechanika-FFM-16-9-1024x575.jpg\" class=\"attachment-large size-large wp-image-2045\" alt=\"\" srcset=\"https:\/\/www.separ.de\/wp-content\/uploads\/2025\/11\/66dea52cc5c5056441a4f59d_automechanika-FFM-16-9-1024x575.jpg 1024w, https:\/\/www.separ.de\/wp-content\/uploads\/2025\/11\/66dea52cc5c5056441a4f59d_automechanika-FFM-16-9-300x169.jpg 300w, https:\/\/www.separ.de\/wp-content\/uploads\/2025\/11\/66dea52cc5c5056441a4f59d_automechanika-FFM-16-9-768x432.jpg 768w, https:\/\/www.separ.de\/wp-content\/uploads\/2025\/11\/66dea52cc5c5056441a4f59d_automechanika-FFM-16-9.jpg 1075w\" sizes=\"(max-width: 800px) 100vw, 800px\" \/>\t\t\t\t\t\t\t\t\t\t\t\t\t\t\t<\/div>\n\t\t\t\t<\/div>\n\t\t<div class=\"elementor-element elementor-element-85fc86f e-con-full e-flex e-con e-child\" data-id=\"85fc86f\" data-element_type=\"container\" data-e-type=\"container\">\n\t\t\t\t<div class=\"elementor-element elementor-element-f9c05f7 elementor-widget elementor-widget-heading\" data-id=\"f9c05f7\" data-element_type=\"widget\" data-e-type=\"widget\" data-widget_type=\"heading.default\">\n\t\t\t\t\t<h3 class=\"elementor-heading-title elementor-size-default\">Automechanika Frankfurt<\/h3>\t\t\t\t<\/div>\n\t\t\t\t<div class=\"elementor-element elementor-element-af4525a elementor-widget-divider--view-line elementor-widget elementor-widget-divider\" data-id=\"af4525a\" data-element_type=\"widget\" data-e-type=\"widget\" data-widget_type=\"divider.default\">\n\t\t\t\t\t\t\t<div class=\"elementor-divider\">\n\t\t\t<span class=\"elementor-divider-separator\">\n\t\t\t\t\t\t<\/span>\n\t\t<\/div>\n\t\t\t\t\t\t<\/div>\n\t\t\t\t<div class=\"elementor-element elementor-element-b899c3d elementor-widget elementor-widget-text-editor\" data-id=\"b899c3d\" data-element_type=\"widget\" data-e-type=\"widget\" data-widget_type=\"text-editor.default\">\n\t\t\t\t\t\t\t\t\t<p><strong><span style=\"color: #142191;\">Fecha: <\/span><\/strong><span style=\"color: #000000;\">08.09. \u2013 12.09.2026<br><strong style=\"color: #333333;\"><span style=\"color: #142191;\">Stand \/ Pabell\u00f3n: <\/span><\/strong>Pabell\u00f3n 5.1 Stand C44<\/span><\/p>\t\t\t\t\t\t\t\t<\/div>\n\t\t\t\t<div class=\"elementor-element elementor-element-919aeb0 elementor-widget-divider--view-line elementor-widget elementor-widget-divider\" data-id=\"919aeb0\" data-element_type=\"widget\" data-e-type=\"widget\" data-widget_type=\"divider.default\">\n\t\t\t\t\t\t\t<div class=\"elementor-divider\">\n\t\t\t<span class=\"elementor-divider-separator\">\n\t\t\t\t\t\t<\/span>\n\t\t<\/div>\n\t\t\t\t\t\t<\/div>\n\t\t\t\t<div class=\"elementor-element elementor-element-6756a89 elementor-widget elementor-widget-text-editor\" data-id=\"6756a89\" data-element_type=\"widget\" data-e-type=\"widget\" data-widget_type=\"text-editor.default\">\n\t\t\t\t\t\t\t\t\t<p>Automechanika es la feria comercial m\u00e1s grande del mundo para la industria automotriz.<br>Mostramos tecnolog\u00edas de filtraci\u00f3n innovadoras para veh\u00edculos comerciales, aplicaciones industriales y soluciones especiales, directamente en conversaci\u00f3n con visitantes profesionales.<\/p>\t\t\t\t\t\t\t\t<\/div>\n\t\t\t\t<\/div>\n\t\t\t\t<\/div>\n\t\t\t\t\t<\/div>\n\t\t\t\t<\/div>\n\t\t\t\t<\/div>\n\t\t","protected":false},"excerpt":{"rendered":"<p>Ferias Nuestra participaci\u00f3n en ferias en 2026 Abenteuer &amp; Allrad Bad Kissingen Fecha: 04-06 \u2013 07-06-2026Stand \/ Pabell\u00f3n: Informaci\u00f3n pr\u00f3ximamente (junto con el socio de ventas Offroad Motorhomes) La Abenteuer &amp; Allrad es una de las mayores ferias de veh\u00edculos todoterreno y autocaravanas del mundo.Presentamos nuestras robustas soluciones de filtraci\u00f3n para veh\u00edculos todoterreno, autocaravanas y [&hellip;]<\/p>\n","protected":false},"author":1,"featured_media":0,"parent":0,"menu_order":0,"comment_status":"closed","ping_status":"closed","template":"","meta":{"footnotes":""},"class_list":["post-2044","page","type-page","status-publish","hentry"],"yoast_head":"<!-- This site is optimized with the Yoast SEO plugin v27.3 - https:\/\/yoast.com\/product\/yoast-seo-wordpress\/ -->\n<title>Ferias - Separ Filter<\/title>\n<meta name=\"robots\" content=\"index, follow, max-snippet:-1, max-image-preview:large, max-video-preview:-1\" \/>\n<link rel=\"canonical\" href=\"https:\/\/www.separ.de\/es\/ferias\/\" \/>\n<meta property=\"og:locale\" content=\"es_ES\" \/>\n<meta property=\"og:type\" content=\"article\" \/>\n<meta property=\"og:title\" content=\"Ferias - Separ Filter\" \/>\n<meta property=\"og:description\" content=\"Ferias Nuestra participaci\u00f3n en ferias en 2026 Abenteuer &amp; Allrad Bad Kissingen Fecha: 04-06 \u2013 07-06-2026Stand \/ Pabell\u00f3n: Informaci\u00f3n pr\u00f3ximamente (junto con el socio de ventas Offroad Motorhomes) La Abenteuer &amp; Allrad es una de las mayores ferias de veh\u00edculos todoterreno y autocaravanas del mundo.Presentamos nuestras robustas soluciones de filtraci\u00f3n para veh\u00edculos todoterreno, autocaravanas y [&hellip;]\" \/>\n<meta property=\"og:url\" content=\"https:\/\/www.separ.de\/es\/ferias\/\" \/>\n<meta property=\"og:site_name\" content=\"Separ Filter\" \/>\n<meta property=\"article:modified_time\" content=\"2026-03-16T08:45:49+00:00\" \/>\n<meta property=\"og:image\" content=\"https:\/\/www.separ.de\/wp-content\/uploads\/2026\/03\/abenteuer-allrad-logo-x150.png\" \/>\n\t<meta property=\"og:image:width\" content=\"296\" \/>\n\t<meta property=\"og:image:height\" content=\"150\" \/>\n\t<meta property=\"og:image:type\" content=\"image\/png\" \/>\n<meta name=\"twitter:card\" content=\"summary_large_image\" \/>\n<meta name=\"twitter:label1\" content=\"Tiempo de lectura\" \/>\n\t<meta name=\"twitter:data1\" content=\"1 minuto\" \/>\n<script type=\"application\/ld+json\" class=\"yoast-schema-graph\">{\"@context\":\"https:\\\/\\\/schema.org\",\"@graph\":[{\"@type\":\"WebPage\",\"@id\":\"https:\\\/\\\/www.separ.de\\\/es\\\/ferias\\\/\",\"url\":\"https:\\\/\\\/www.separ.de\\\/es\\\/ferias\\\/\",\"name\":\"Ferias - Separ Filter\",\"isPartOf\":{\"@id\":\"https:\\\/\\\/www.separ.de\\\/en\\\/#website\"},\"primaryImageOfPage\":{\"@id\":\"https:\\\/\\\/www.separ.de\\\/es\\\/ferias\\\/#primaryimage\"},\"image\":{\"@id\":\"https:\\\/\\\/www.separ.de\\\/es\\\/ferias\\\/#primaryimage\"},\"thumbnailUrl\":\"https:\\\/\\\/www.separ.de\\\/wp-content\\\/uploads\\\/2026\\\/03\\\/abenteuer-allrad-logo-x150.png\",\"datePublished\":\"2025-11-12T14:35:10+00:00\",\"dateModified\":\"2026-03-16T08:45:49+00:00\",\"breadcrumb\":{\"@id\":\"https:\\\/\\\/www.separ.de\\\/es\\\/ferias\\\/#breadcrumb\"},\"inLanguage\":\"es\",\"potentialAction\":[{\"@type\":\"ReadAction\",\"target\":[\"https:\\\/\\\/www.separ.de\\\/es\\\/ferias\\\/\"]}]},{\"@type\":\"ImageObject\",\"inLanguage\":\"es\",\"@id\":\"https:\\\/\\\/www.separ.de\\\/es\\\/ferias\\\/#primaryimage\",\"url\":\"https:\\\/\\\/www.separ.de\\\/wp-content\\\/uploads\\\/2026\\\/03\\\/abenteuer-allrad-logo-x150.png\",\"contentUrl\":\"https:\\\/\\\/www.separ.de\\\/wp-content\\\/uploads\\\/2026\\\/03\\\/abenteuer-allrad-logo-x150.png\"},{\"@type\":\"BreadcrumbList\",\"@id\":\"https:\\\/\\\/www.separ.de\\\/es\\\/ferias\\\/#breadcrumb\",\"itemListElement\":[{\"@type\":\"ListItem\",\"position\":1,\"name\":\"Start\",\"item\":\"https:\\\/\\\/www.separ.de\\\/es\\\/pagina-de-inicio\\\/\"},{\"@type\":\"ListItem\",\"position\":2,\"name\":\"Ferias\"}]},{\"@type\":\"WebSite\",\"@id\":\"https:\\\/\\\/www.separ.de\\\/en\\\/#website\",\"url\":\"https:\\\/\\\/www.separ.de\\\/en\\\/\",\"name\":\"Separ Filter\",\"description\":\"\",\"publisher\":{\"@id\":\"https:\\\/\\\/www.separ.de\\\/en\\\/#organization\"},\"potentialAction\":[{\"@type\":\"SearchAction\",\"target\":{\"@type\":\"EntryPoint\",\"urlTemplate\":\"https:\\\/\\\/www.separ.de\\\/en\\\/?s={search_term_string}\"},\"query-input\":{\"@type\":\"PropertyValueSpecification\",\"valueRequired\":true,\"valueName\":\"search_term_string\"}}],\"inLanguage\":\"es\"},{\"@type\":\"Organization\",\"@id\":\"https:\\\/\\\/www.separ.de\\\/en\\\/#organization\",\"name\":\"Separ Filter\",\"url\":\"https:\\\/\\\/www.separ.de\\\/en\\\/\",\"logo\":{\"@type\":\"ImageObject\",\"inLanguage\":\"es\",\"@id\":\"https:\\\/\\\/www.separ.de\\\/en\\\/#\\\/schema\\\/logo\\\/image\\\/\",\"url\":\"https:\\\/\\\/www.separ.de\\\/wp-content\\\/uploads\\\/2025\\\/10\\\/logo_separ.svg\",\"contentUrl\":\"https:\\\/\\\/www.separ.de\\\/wp-content\\\/uploads\\\/2025\\\/10\\\/logo_separ.svg\",\"width\":242,\"height\":114,\"caption\":\"Separ Filter\"},\"image\":{\"@id\":\"https:\\\/\\\/www.separ.de\\\/en\\\/#\\\/schema\\\/logo\\\/image\\\/\"}}]}<\/script>\n<!-- \/ Yoast SEO plugin. -->","yoast_head_json":{"title":"Ferias - Separ Filter","robots":{"index":"index","follow":"follow","max-snippet":"max-snippet:-1","max-image-preview":"max-image-preview:large","max-video-preview":"max-video-preview:-1"},"canonical":"https:\/\/www.separ.de\/es\/ferias\/","og_locale":"es_ES","og_type":"article","og_title":"Ferias - Separ Filter","og_description":"Ferias Nuestra participaci\u00f3n en ferias en 2026 Abenteuer &amp; Allrad Bad Kissingen Fecha: 04-06 \u2013 07-06-2026Stand \/ Pabell\u00f3n: Informaci\u00f3n pr\u00f3ximamente (junto con el socio de ventas Offroad Motorhomes) La Abenteuer &amp; Allrad es una de las mayores ferias de veh\u00edculos todoterreno y autocaravanas del mundo.Presentamos nuestras robustas soluciones de filtraci\u00f3n para veh\u00edculos todoterreno, autocaravanas y [&hellip;]","og_url":"https:\/\/www.separ.de\/es\/ferias\/","og_site_name":"Separ Filter","article_modified_time":"2026-03-16T08:45:49+00:00","og_image":[{"width":296,"height":150,"url":"https:\/\/www.separ.de\/wp-content\/uploads\/2026\/03\/abenteuer-allrad-logo-x150.png","type":"image\/png"}],"twitter_card":"summary_large_image","twitter_misc":{"Tiempo de lectura":"1 minuto"},"schema":{"@context":"https:\/\/schema.org","@graph":[{"@type":"WebPage","@id":"https:\/\/www.separ.de\/es\/ferias\/","url":"https:\/\/www.separ.de\/es\/ferias\/","name":"Ferias - Separ Filter","isPartOf":{"@id":"https:\/\/www.separ.de\/en\/#website"},"primaryImageOfPage":{"@id":"https:\/\/www.separ.de\/es\/ferias\/#primaryimage"},"image":{"@id":"https:\/\/www.separ.de\/es\/ferias\/#primaryimage"},"thumbnailUrl":"https:\/\/www.separ.de\/wp-content\/uploads\/2026\/03\/abenteuer-allrad-logo-x150.png","datePublished":"2025-11-12T14:35:10+00:00","dateModified":"2026-03-16T08:45:49+00:00","breadcrumb":{"@id":"https:\/\/www.separ.de\/es\/ferias\/#breadcrumb"},"inLanguage":"es","potentialAction":[{"@type":"ReadAction","target":["https:\/\/www.separ.de\/es\/ferias\/"]}]},{"@type":"ImageObject","inLanguage":"es","@id":"https:\/\/www.separ.de\/es\/ferias\/#primaryimage","url":"https:\/\/www.separ.de\/wp-content\/uploads\/2026\/03\/abenteuer-allrad-logo-x150.png","contentUrl":"https:\/\/www.separ.de\/wp-content\/uploads\/2026\/03\/abenteuer-allrad-logo-x150.png"},{"@type":"BreadcrumbList","@id":"https:\/\/www.separ.de\/es\/ferias\/#breadcrumb","itemListElement":[{"@type":"ListItem","position":1,"name":"Start","item":"https:\/\/www.separ.de\/es\/pagina-de-inicio\/"},{"@type":"ListItem","position":2,"name":"Ferias"}]},{"@type":"WebSite","@id":"https:\/\/www.separ.de\/en\/#website","url":"https:\/\/www.separ.de\/en\/","name":"Separ Filter","description":"","publisher":{"@id":"https:\/\/www.separ.de\/en\/#organization"},"potentialAction":[{"@type":"SearchAction","target":{"@type":"EntryPoint","urlTemplate":"https:\/\/www.separ.de\/en\/?s={search_term_string}"},"query-input":{"@type":"PropertyValueSpecification","valueRequired":true,"valueName":"search_term_string"}}],"inLanguage":"es"},{"@type":"Organization","@id":"https:\/\/www.separ.de\/en\/#organization","name":"Separ Filter","url":"https:\/\/www.separ.de\/en\/","logo":{"@type":"ImageObject","inLanguage":"es","@id":"https:\/\/www.separ.de\/en\/#\/schema\/logo\/image\/","url":"https:\/\/www.separ.de\/wp-content\/uploads\/2025\/10\/logo_separ.svg","contentUrl":"https:\/\/www.separ.de\/wp-content\/uploads\/2025\/10\/logo_separ.svg","width":242,"height":114,"caption":"Separ Filter"},"image":{"@id":"https:\/\/www.separ.de\/en\/#\/schema\/logo\/image\/"}}]}},"_links":{"self":[{"href":"https:\/\/www.separ.de\/es\/wp-json\/wp\/v2\/pages\/2044","targetHints":{"allow":["GET"]}}],"collection":[{"href":"https:\/\/www.separ.de\/es\/wp-json\/wp\/v2\/pages"}],"about":[{"href":"https:\/\/www.separ.de\/es\/wp-json\/wp\/v2\/types\/page"}],"author":[{"embeddable":true,"href":"https:\/\/www.separ.de\/es\/wp-json\/wp\/v2\/users\/1"}],"replies":[{"embeddable":true,"href":"https:\/\/www.separ.de\/es\/wp-json\/wp\/v2\/comments?post=2044"}],"version-history":[{"count":0,"href":"https:\/\/www.separ.de\/es\/wp-json\/wp\/v2\/pages\/2044\/revisions"}],"wp:attachment":[{"href":"https:\/\/www.separ.de\/es\/wp-json\/wp\/v2\/media?parent=2044"}],"curies":[{"name":"wp","href":"https:\/\/api.w.org\/{rel}","templated":true}]}}