{"id":2027,"date":"2025-11-12T15:35:10","date_gmt":"2025-11-12T14:35:10","guid":{"rendered":"https:\/\/separ.dev-pixalla.de\/salons\/"},"modified":"2026-03-16T09:44:56","modified_gmt":"2026-03-16T08:44:56","slug":"salons","status":"publish","type":"page","link":"https:\/\/www.separ.de\/fr\/salons\/","title":{"rendered":"Salons"},"content":{"rendered":"\t\t<div data-elementor-type=\"wp-page\" data-elementor-id=\"2027\" class=\"elementor elementor-2027 elementor-1284\" data-elementor-post-type=\"page\">\n\t\t\t\t<div class=\"elementor-element elementor-element-48205f2 e-con-full e-flex e-con e-parent\" data-id=\"48205f2\" data-element_type=\"container\" data-e-type=\"container\" data-settings=\"{&quot;background_background&quot;:&quot;classic&quot;}\">\n\t\t\t\t<div class=\"elementor-element elementor-element-1d181d6 elementor-widget-divider--view-line elementor-widget elementor-widget-divider\" data-id=\"1d181d6\" data-element_type=\"widget\" data-e-type=\"widget\" data-widget_type=\"divider.default\">\n\t\t\t\t\t\t\t<div class=\"elementor-divider\">\n\t\t\t<span class=\"elementor-divider-separator\">\n\t\t\t\t\t\t<\/span>\n\t\t<\/div>\n\t\t\t\t\t\t<\/div>\n\t\t\t\t<\/div>\n\t\t<div class=\"elementor-element elementor-element-3b3c7e4 e-flex e-con-boxed e-con e-parent\" data-id=\"3b3c7e4\" data-element_type=\"container\" data-e-type=\"container\">\n\t\t\t\t\t<div class=\"e-con-inner\">\n\t\t\t\t<div class=\"elementor-element elementor-element-5eabe91 elementor-widget elementor-widget-text-editor\" data-id=\"5eabe91\" data-element_type=\"widget\" data-e-type=\"widget\" data-widget_type=\"text-editor.default\">\n\t\t\t\t\t\t\t\t\t<p>Salons<\/p>\t\t\t\t\t\t\t\t<\/div>\n\t\t\t\t<div class=\"elementor-element elementor-element-ce96753 elementor-widget elementor-widget-heading\" data-id=\"ce96753\" data-element_type=\"widget\" data-e-type=\"widget\" data-widget_type=\"heading.default\">\n\t\t\t\t\t<h2 class=\"elementor-heading-title elementor-size-default\">Nos participations aux salons professionnels en 2026<\/h2>\t\t\t\t<\/div>\n\t\t\t\t\t<\/div>\n\t\t\t\t<\/div>\n\t\t<div class=\"elementor-element elementor-element-47a6e44 e-grid e-con-boxed e-con e-parent\" data-id=\"47a6e44\" data-element_type=\"container\" data-e-type=\"container\">\n\t\t\t\t\t<div class=\"e-con-inner\">\n\t\t<div class=\"elementor-element elementor-element-26a6e9e e-con-full e-flex e-con e-child\" data-id=\"26a6e9e\" data-element_type=\"container\" data-e-type=\"container\" data-settings=\"{&quot;background_background&quot;:&quot;classic&quot;}\">\n\t\t<div class=\"elementor-element elementor-element-97d1619 e-con-full e-flex e-con e-child\" data-id=\"97d1619\" data-element_type=\"container\" data-e-type=\"container\" data-settings=\"{&quot;background_background&quot;:&quot;classic&quot;}\">\n\t\t\t\t<div class=\"elementor-element elementor-element-ebf032e ipx-bild elementor-widget elementor-widget-image\" data-id=\"ebf032e\" data-element_type=\"widget\" data-e-type=\"widget\" data-widget_type=\"image.default\">\n\t\t\t\t\t\t\t\t\t\t\t\t\t\t\t<img decoding=\"async\" width=\"296\" height=\"150\" src=\"https:\/\/www.separ.de\/wp-content\/uploads\/2026\/03\/abenteuer-allrad-logo-x150.png\" class=\"attachment-large size-large wp-image-6766\" alt=\"\" \/>\t\t\t\t\t\t\t\t\t\t\t\t\t\t\t<\/div>\n\t\t\t\t<\/div>\n\t\t<div class=\"elementor-element elementor-element-0331774 e-con-full e-flex e-con e-child\" data-id=\"0331774\" data-element_type=\"container\" data-e-type=\"container\">\n\t\t\t\t<div class=\"elementor-element elementor-element-a138bfb elementor-widget elementor-widget-heading\" data-id=\"a138bfb\" data-element_type=\"widget\" data-e-type=\"widget\" data-widget_type=\"heading.default\">\n\t\t\t\t\t<h3 class=\"elementor-heading-title elementor-size-default\">Abenteuer &amp; Allrad Bad Kissingen<\/h3>\t\t\t\t<\/div>\n\t\t\t\t<div class=\"elementor-element elementor-element-7bbe83b elementor-widget-divider--view-line elementor-widget elementor-widget-divider\" data-id=\"7bbe83b\" data-element_type=\"widget\" data-e-type=\"widget\" data-widget_type=\"divider.default\">\n\t\t\t\t\t\t\t<div class=\"elementor-divider\">\n\t\t\t<span class=\"elementor-divider-separator\">\n\t\t\t\t\t\t<\/span>\n\t\t<\/div>\n\t\t\t\t\t\t<\/div>\n\t\t\t\t<div class=\"elementor-element elementor-element-bf3d6b9 elementor-widget elementor-widget-text-editor\" data-id=\"bf3d6b9\" data-element_type=\"widget\" data-e-type=\"widget\" data-widget_type=\"text-editor.default\">\n\t\t\t\t\t\t\t\t\t<p><strong><span style=\"color: #142191;\">Date&nbsp;: <\/span><\/strong><span style=\"color: #000000;\">du 04.06. au 07.06.2026<br><strong style=\"color: #333333;\"><span style=\"color: #142191;\">Stand \/ Hall&nbsp;: <\/span><\/strong>Informations \u00e0 venir (conjointement avec le partenaire commercial <em>Offroad Motorhomes<\/em>)<\/span><\/p>\t\t\t\t\t\t\t\t<\/div>\n\t\t\t\t<div class=\"elementor-element elementor-element-1e9d413 elementor-widget-divider--view-line elementor-widget elementor-widget-divider\" data-id=\"1e9d413\" data-element_type=\"widget\" data-e-type=\"widget\" data-widget_type=\"divider.default\">\n\t\t\t\t\t\t\t<div class=\"elementor-divider\">\n\t\t\t<span class=\"elementor-divider-separator\">\n\t\t\t\t\t\t<\/span>\n\t\t<\/div>\n\t\t\t\t\t\t<\/div>\n\t\t\t\t<div class=\"elementor-element elementor-element-a8d8fc2 elementor-widget elementor-widget-text-editor\" data-id=\"a8d8fc2\" data-element_type=\"widget\" data-e-type=\"widget\" data-widget_type=\"text-editor.default\">\n\t\t\t\t\t\t\t\t\t<p>Le salon Abenteuer &amp; Allrad compte parmi les plus grands salons mondiaux pour les v\u00e9hicules tout-terrain et les camping-cars.<br>Nous y pr\u00e9sentons nos solutions de filtration robustes pour les v\u00e9hicules tout-terrain, les camping-cars et les applications sp\u00e9ciales \u2013 en direct, \u00e0 d\u00e9couvrir de pr\u00e8s et en \u00e9change direct avec les visiteurs professionnels.<\/p>\t\t\t\t\t\t\t\t<\/div>\n\t\t\t\t<\/div>\n\t\t\t\t<\/div>\n\t\t<div class=\"elementor-element elementor-element-9f549c5 e-con-full e-flex e-con e-child\" data-id=\"9f549c5\" data-element_type=\"container\" data-e-type=\"container\" data-settings=\"{&quot;background_background&quot;:&quot;classic&quot;}\">\n\t\t<div class=\"elementor-element elementor-element-88f5b7c e-con-full e-flex e-con e-child\" data-id=\"88f5b7c\" data-element_type=\"container\" data-e-type=\"container\" data-settings=\"{&quot;background_background&quot;:&quot;classic&quot;}\">\n\t\t\t\t<div class=\"elementor-element elementor-element-38b1c0e ipx-bild elementor-widget elementor-widget-image\" data-id=\"38b1c0e\" data-element_type=\"widget\" data-e-type=\"widget\" data-widget_type=\"image.default\">\n\t\t\t\t\t\t\t\t\t\t\t\t\t\t\t<img decoding=\"async\" width=\"333\" height=\"135\" src=\"https:\/\/www.separ.de\/wp-content\/uploads\/2025\/11\/REICH-fair_smm_hamburg_logo.png\" class=\"attachment-large size-large wp-image-2029\" alt=\"\" srcset=\"https:\/\/www.separ.de\/wp-content\/uploads\/2025\/11\/REICH-fair_smm_hamburg_logo.png 333w, https:\/\/www.separ.de\/wp-content\/uploads\/2025\/11\/REICH-fair_smm_hamburg_logo-300x122.png 300w\" sizes=\"(max-width: 333px) 100vw, 333px\" \/>\t\t\t\t\t\t\t\t\t\t\t\t\t\t\t<\/div>\n\t\t\t\t<\/div>\n\t\t<div class=\"elementor-element elementor-element-f15ebaa e-con-full e-flex e-con e-child\" data-id=\"f15ebaa\" data-element_type=\"container\" data-e-type=\"container\">\n\t\t\t\t<div class=\"elementor-element elementor-element-35d270c elementor-widget elementor-widget-heading\" data-id=\"35d270c\" data-element_type=\"widget\" data-e-type=\"widget\" data-widget_type=\"heading.default\">\n\t\t\t\t\t<h3 class=\"elementor-heading-title elementor-size-default\">SMM Hamburg<\/h3>\t\t\t\t<\/div>\n\t\t\t\t<div class=\"elementor-element elementor-element-0f33e79 elementor-widget-divider--view-line elementor-widget elementor-widget-divider\" data-id=\"0f33e79\" data-element_type=\"widget\" data-e-type=\"widget\" data-widget_type=\"divider.default\">\n\t\t\t\t\t\t\t<div class=\"elementor-divider\">\n\t\t\t<span class=\"elementor-divider-separator\">\n\t\t\t\t\t\t<\/span>\n\t\t<\/div>\n\t\t\t\t\t\t<\/div>\n\t\t\t\t<div class=\"elementor-element elementor-element-886fced elementor-widget elementor-widget-text-editor\" data-id=\"886fced\" data-element_type=\"widget\" data-e-type=\"widget\" data-widget_type=\"text-editor.default\">\n\t\t\t\t\t\t\t\t\t<p><strong><span style=\"color: #142191;\">Date : <\/span><\/strong><span style=\"color: #000000;\">01.09. \u2013 04.09.2026<br><strong style=\"color: #333333;\"><span style=\"color: #142191;\">Stand \/ Hall : <\/span><\/strong><span style=\"color: #142191;\"><span style=\"color: #000000;\">Hall A1 Stand 408<\/span><\/span><\/span><\/p>\t\t\t\t\t\t\t\t<\/div>\n\t\t\t\t<div class=\"elementor-element elementor-element-434171e elementor-widget-divider--view-line elementor-widget elementor-widget-divider\" data-id=\"434171e\" data-element_type=\"widget\" data-e-type=\"widget\" data-widget_type=\"divider.default\">\n\t\t\t\t\t\t\t<div class=\"elementor-divider\">\n\t\t\t<span class=\"elementor-divider-separator\">\n\t\t\t\t\t\t<\/span>\n\t\t<\/div>\n\t\t\t\t\t\t<\/div>\n\t\t\t\t<div class=\"elementor-element elementor-element-7f4f560 elementor-widget elementor-widget-text-editor\" data-id=\"7f4f560\" data-element_type=\"widget\" data-e-type=\"widget\" data-widget_type=\"text-editor.default\">\n\t\t\t\t\t\t\t\t\t<p>Le SMM est le salon international de r\u00e9f\u00e9rence pour la construction navale et les technologies maritimes.<br data-start=\"123\" data-end=\"126\">Nous pr\u00e9sentons nos derni\u00e8res solutions de filtration pour les navires, les applications offshore et les installations industrielles  en direct et \u00e0 port\u00e9e de main.<\/p>\t\t\t\t\t\t\t\t<\/div>\n\t\t\t\t<\/div>\n\t\t\t\t<\/div>\n\t\t<div class=\"elementor-element elementor-element-c4ac761 e-con-full e-flex e-con e-child\" data-id=\"c4ac761\" data-element_type=\"container\" data-e-type=\"container\" data-settings=\"{&quot;background_background&quot;:&quot;classic&quot;}\">\n\t\t<div class=\"elementor-element elementor-element-39b4a09 e-con-full e-flex e-con e-child\" data-id=\"39b4a09\" data-element_type=\"container\" data-e-type=\"container\" data-settings=\"{&quot;background_background&quot;:&quot;classic&quot;}\">\n\t\t\t\t<div class=\"elementor-element elementor-element-3b2a7ec ipx-bild elementor-widget elementor-widget-image\" data-id=\"3b2a7ec\" data-element_type=\"widget\" data-e-type=\"widget\" data-widget_type=\"image.default\">\n\t\t\t\t\t\t\t\t\t\t\t\t\t\t\t<img fetchpriority=\"high\" decoding=\"async\" width=\"800\" height=\"449\" src=\"https:\/\/www.separ.de\/wp-content\/uploads\/2025\/11\/66dea52cc5c5056441a4f59d_automechanika-FFM-16-9-1024x575.jpg\" class=\"attachment-large size-large wp-image-2028\" alt=\"\" srcset=\"https:\/\/www.separ.de\/wp-content\/uploads\/2025\/11\/66dea52cc5c5056441a4f59d_automechanika-FFM-16-9-1024x575.jpg 1024w, https:\/\/www.separ.de\/wp-content\/uploads\/2025\/11\/66dea52cc5c5056441a4f59d_automechanika-FFM-16-9-300x169.jpg 300w, https:\/\/www.separ.de\/wp-content\/uploads\/2025\/11\/66dea52cc5c5056441a4f59d_automechanika-FFM-16-9-768x432.jpg 768w, https:\/\/www.separ.de\/wp-content\/uploads\/2025\/11\/66dea52cc5c5056441a4f59d_automechanika-FFM-16-9.jpg 1075w\" sizes=\"(max-width: 800px) 100vw, 800px\" \/>\t\t\t\t\t\t\t\t\t\t\t\t\t\t\t<\/div>\n\t\t\t\t<\/div>\n\t\t<div class=\"elementor-element elementor-element-85fc86f e-con-full e-flex e-con e-child\" data-id=\"85fc86f\" data-element_type=\"container\" data-e-type=\"container\">\n\t\t\t\t<div class=\"elementor-element elementor-element-f9c05f7 elementor-widget elementor-widget-heading\" data-id=\"f9c05f7\" data-element_type=\"widget\" data-e-type=\"widget\" data-widget_type=\"heading.default\">\n\t\t\t\t\t<h3 class=\"elementor-heading-title elementor-size-default\">Automechanika Frankfurt<\/h3>\t\t\t\t<\/div>\n\t\t\t\t<div class=\"elementor-element elementor-element-af4525a elementor-widget-divider--view-line elementor-widget elementor-widget-divider\" data-id=\"af4525a\" data-element_type=\"widget\" data-e-type=\"widget\" data-widget_type=\"divider.default\">\n\t\t\t\t\t\t\t<div class=\"elementor-divider\">\n\t\t\t<span class=\"elementor-divider-separator\">\n\t\t\t\t\t\t<\/span>\n\t\t<\/div>\n\t\t\t\t\t\t<\/div>\n\t\t\t\t<div class=\"elementor-element elementor-element-b899c3d elementor-widget elementor-widget-text-editor\" data-id=\"b899c3d\" data-element_type=\"widget\" data-e-type=\"widget\" data-widget_type=\"text-editor.default\">\n\t\t\t\t\t\t\t\t\t<p><strong><span style=\"color: #142191;\">Date : <\/span><\/strong><span style=\"color: #000000;\">08.09. \u2013 12.09.2026<br><strong style=\"color: #333333;\"><span style=\"color: #142191;\">Stand \/ Hall : <\/span><\/strong>Hall 5.1 Stand C44<\/span><\/p>\t\t\t\t\t\t\t\t<\/div>\n\t\t\t\t<div class=\"elementor-element elementor-element-919aeb0 elementor-widget-divider--view-line elementor-widget elementor-widget-divider\" data-id=\"919aeb0\" data-element_type=\"widget\" data-e-type=\"widget\" data-widget_type=\"divider.default\">\n\t\t\t\t\t\t\t<div class=\"elementor-divider\">\n\t\t\t<span class=\"elementor-divider-separator\">\n\t\t\t\t\t\t<\/span>\n\t\t<\/div>\n\t\t\t\t\t\t<\/div>\n\t\t\t\t<div class=\"elementor-element elementor-element-6756a89 elementor-widget elementor-widget-text-editor\" data-id=\"6756a89\" data-element_type=\"widget\" data-e-type=\"widget\" data-widget_type=\"text-editor.default\">\n\t\t\t\t\t\t\t\t\t<p>L&rsquo;Automechanika est le plus grand salon professionnel au monde pour l&rsquo;industrie automobile.<br>Nous pr\u00e9sentons des technologies de filtration innovantes pour v\u00e9hicules utilitaires, applications industrielles et solutions sp\u00e9ciales \u2013 en \u00e9change direct avec les visiteurs professionnels.<\/p>\t\t\t\t\t\t\t\t<\/div>\n\t\t\t\t<\/div>\n\t\t\t\t<\/div>\n\t\t\t\t\t<\/div>\n\t\t\t\t<\/div>\n\t\t\t\t<\/div>\n\t\t","protected":false},"excerpt":{"rendered":"<p>Salons Nos participations aux salons professionnels en 2026 Abenteuer &amp; Allrad Bad Kissingen Date&nbsp;: du 04.06. au 07.06.2026Stand \/ Hall&nbsp;: Informations \u00e0 venir (conjointement avec le partenaire commercial Offroad Motorhomes) Le salon Abenteuer &amp; Allrad compte parmi les plus grands salons mondiaux pour les v\u00e9hicules tout-terrain et les camping-cars.Nous y pr\u00e9sentons nos solutions de filtration [&hellip;]<\/p>\n","protected":false},"author":1,"featured_media":0,"parent":0,"menu_order":0,"comment_status":"closed","ping_status":"closed","template":"","meta":{"footnotes":""},"class_list":["post-2027","page","type-page","status-publish","hentry"],"yoast_head":"<!-- This site is optimized with the Yoast SEO plugin v27.3 - https:\/\/yoast.com\/product\/yoast-seo-wordpress\/ -->\n<title>Salons - Separ Filter<\/title>\n<meta name=\"robots\" content=\"index, follow, max-snippet:-1, max-image-preview:large, max-video-preview:-1\" \/>\n<link rel=\"canonical\" href=\"https:\/\/www.separ.de\/fr\/salons\/\" \/>\n<meta property=\"og:locale\" content=\"fr_FR\" \/>\n<meta property=\"og:type\" content=\"article\" \/>\n<meta property=\"og:title\" content=\"Salons - Separ Filter\" \/>\n<meta property=\"og:description\" content=\"Salons Nos participations aux salons professionnels en 2026 Abenteuer &amp; Allrad Bad Kissingen Date&nbsp;: du 04.06. au 07.06.2026Stand \/ Hall&nbsp;: Informations \u00e0 venir (conjointement avec le partenaire commercial Offroad Motorhomes) Le salon Abenteuer &amp; Allrad compte parmi les plus grands salons mondiaux pour les v\u00e9hicules tout-terrain et les camping-cars.Nous y pr\u00e9sentons nos solutions de filtration [&hellip;]\" \/>\n<meta property=\"og:url\" content=\"https:\/\/www.separ.de\/fr\/salons\/\" \/>\n<meta property=\"og:site_name\" content=\"Separ Filter\" \/>\n<meta property=\"article:modified_time\" content=\"2026-03-16T08:44:56+00:00\" \/>\n<meta property=\"og:image\" content=\"https:\/\/www.separ.de\/wp-content\/uploads\/2026\/03\/abenteuer-allrad-logo-x150.png\" \/>\n\t<meta property=\"og:image:width\" content=\"296\" \/>\n\t<meta property=\"og:image:height\" content=\"150\" \/>\n\t<meta property=\"og:image:type\" content=\"image\/png\" \/>\n<meta name=\"twitter:card\" content=\"summary_large_image\" \/>\n<meta name=\"twitter:label1\" content=\"Dur\u00e9e de lecture estim\u00e9e\" \/>\n\t<meta name=\"twitter:data1\" content=\"1 minute\" \/>\n<script type=\"application\/ld+json\" class=\"yoast-schema-graph\">{\"@context\":\"https:\\\/\\\/schema.org\",\"@graph\":[{\"@type\":\"WebPage\",\"@id\":\"https:\\\/\\\/www.separ.de\\\/fr\\\/salons\\\/\",\"url\":\"https:\\\/\\\/www.separ.de\\\/fr\\\/salons\\\/\",\"name\":\"Salons - Separ Filter\",\"isPartOf\":{\"@id\":\"https:\\\/\\\/www.separ.de\\\/en\\\/#website\"},\"primaryImageOfPage\":{\"@id\":\"https:\\\/\\\/www.separ.de\\\/fr\\\/salons\\\/#primaryimage\"},\"image\":{\"@id\":\"https:\\\/\\\/www.separ.de\\\/fr\\\/salons\\\/#primaryimage\"},\"thumbnailUrl\":\"https:\\\/\\\/www.separ.de\\\/wp-content\\\/uploads\\\/2026\\\/03\\\/abenteuer-allrad-logo-x150.png\",\"datePublished\":\"2025-11-12T14:35:10+00:00\",\"dateModified\":\"2026-03-16T08:44:56+00:00\",\"breadcrumb\":{\"@id\":\"https:\\\/\\\/www.separ.de\\\/fr\\\/salons\\\/#breadcrumb\"},\"inLanguage\":\"fr-FR\",\"potentialAction\":[{\"@type\":\"ReadAction\",\"target\":[\"https:\\\/\\\/www.separ.de\\\/fr\\\/salons\\\/\"]}]},{\"@type\":\"ImageObject\",\"inLanguage\":\"fr-FR\",\"@id\":\"https:\\\/\\\/www.separ.de\\\/fr\\\/salons\\\/#primaryimage\",\"url\":\"https:\\\/\\\/www.separ.de\\\/wp-content\\\/uploads\\\/2026\\\/03\\\/abenteuer-allrad-logo-x150.png\",\"contentUrl\":\"https:\\\/\\\/www.separ.de\\\/wp-content\\\/uploads\\\/2026\\\/03\\\/abenteuer-allrad-logo-x150.png\"},{\"@type\":\"BreadcrumbList\",\"@id\":\"https:\\\/\\\/www.separ.de\\\/fr\\\/salons\\\/#breadcrumb\",\"itemListElement\":[{\"@type\":\"ListItem\",\"position\":1,\"name\":\"Start\",\"item\":\"https:\\\/\\\/www.separ.de\\\/fr\\\/page-daccueil\\\/\"},{\"@type\":\"ListItem\",\"position\":2,\"name\":\"Salons\"}]},{\"@type\":\"WebSite\",\"@id\":\"https:\\\/\\\/www.separ.de\\\/en\\\/#website\",\"url\":\"https:\\\/\\\/www.separ.de\\\/en\\\/\",\"name\":\"Separ Filter\",\"description\":\"\",\"publisher\":{\"@id\":\"https:\\\/\\\/www.separ.de\\\/en\\\/#organization\"},\"potentialAction\":[{\"@type\":\"SearchAction\",\"target\":{\"@type\":\"EntryPoint\",\"urlTemplate\":\"https:\\\/\\\/www.separ.de\\\/en\\\/?s={search_term_string}\"},\"query-input\":{\"@type\":\"PropertyValueSpecification\",\"valueRequired\":true,\"valueName\":\"search_term_string\"}}],\"inLanguage\":\"fr-FR\"},{\"@type\":\"Organization\",\"@id\":\"https:\\\/\\\/www.separ.de\\\/en\\\/#organization\",\"name\":\"Separ Filter\",\"url\":\"https:\\\/\\\/www.separ.de\\\/en\\\/\",\"logo\":{\"@type\":\"ImageObject\",\"inLanguage\":\"fr-FR\",\"@id\":\"https:\\\/\\\/www.separ.de\\\/en\\\/#\\\/schema\\\/logo\\\/image\\\/\",\"url\":\"https:\\\/\\\/www.separ.de\\\/wp-content\\\/uploads\\\/2025\\\/10\\\/logo_separ.svg\",\"contentUrl\":\"https:\\\/\\\/www.separ.de\\\/wp-content\\\/uploads\\\/2025\\\/10\\\/logo_separ.svg\",\"width\":242,\"height\":114,\"caption\":\"Separ Filter\"},\"image\":{\"@id\":\"https:\\\/\\\/www.separ.de\\\/en\\\/#\\\/schema\\\/logo\\\/image\\\/\"}}]}<\/script>\n<!-- \/ Yoast SEO plugin. -->","yoast_head_json":{"title":"Salons - Separ Filter","robots":{"index":"index","follow":"follow","max-snippet":"max-snippet:-1","max-image-preview":"max-image-preview:large","max-video-preview":"max-video-preview:-1"},"canonical":"https:\/\/www.separ.de\/fr\/salons\/","og_locale":"fr_FR","og_type":"article","og_title":"Salons - Separ Filter","og_description":"Salons Nos participations aux salons professionnels en 2026 Abenteuer &amp; Allrad Bad Kissingen Date&nbsp;: du 04.06. au 07.06.2026Stand \/ Hall&nbsp;: Informations \u00e0 venir (conjointement avec le partenaire commercial Offroad Motorhomes) Le salon Abenteuer &amp; Allrad compte parmi les plus grands salons mondiaux pour les v\u00e9hicules tout-terrain et les camping-cars.Nous y pr\u00e9sentons nos solutions de filtration [&hellip;]","og_url":"https:\/\/www.separ.de\/fr\/salons\/","og_site_name":"Separ Filter","article_modified_time":"2026-03-16T08:44:56+00:00","og_image":[{"width":296,"height":150,"url":"https:\/\/www.separ.de\/wp-content\/uploads\/2026\/03\/abenteuer-allrad-logo-x150.png","type":"image\/png"}],"twitter_card":"summary_large_image","twitter_misc":{"Dur\u00e9e de lecture estim\u00e9e":"1 minute"},"schema":{"@context":"https:\/\/schema.org","@graph":[{"@type":"WebPage","@id":"https:\/\/www.separ.de\/fr\/salons\/","url":"https:\/\/www.separ.de\/fr\/salons\/","name":"Salons - Separ Filter","isPartOf":{"@id":"https:\/\/www.separ.de\/en\/#website"},"primaryImageOfPage":{"@id":"https:\/\/www.separ.de\/fr\/salons\/#primaryimage"},"image":{"@id":"https:\/\/www.separ.de\/fr\/salons\/#primaryimage"},"thumbnailUrl":"https:\/\/www.separ.de\/wp-content\/uploads\/2026\/03\/abenteuer-allrad-logo-x150.png","datePublished":"2025-11-12T14:35:10+00:00","dateModified":"2026-03-16T08:44:56+00:00","breadcrumb":{"@id":"https:\/\/www.separ.de\/fr\/salons\/#breadcrumb"},"inLanguage":"fr-FR","potentialAction":[{"@type":"ReadAction","target":["https:\/\/www.separ.de\/fr\/salons\/"]}]},{"@type":"ImageObject","inLanguage":"fr-FR","@id":"https:\/\/www.separ.de\/fr\/salons\/#primaryimage","url":"https:\/\/www.separ.de\/wp-content\/uploads\/2026\/03\/abenteuer-allrad-logo-x150.png","contentUrl":"https:\/\/www.separ.de\/wp-content\/uploads\/2026\/03\/abenteuer-allrad-logo-x150.png"},{"@type":"BreadcrumbList","@id":"https:\/\/www.separ.de\/fr\/salons\/#breadcrumb","itemListElement":[{"@type":"ListItem","position":1,"name":"Start","item":"https:\/\/www.separ.de\/fr\/page-daccueil\/"},{"@type":"ListItem","position":2,"name":"Salons"}]},{"@type":"WebSite","@id":"https:\/\/www.separ.de\/en\/#website","url":"https:\/\/www.separ.de\/en\/","name":"Separ Filter","description":"","publisher":{"@id":"https:\/\/www.separ.de\/en\/#organization"},"potentialAction":[{"@type":"SearchAction","target":{"@type":"EntryPoint","urlTemplate":"https:\/\/www.separ.de\/en\/?s={search_term_string}"},"query-input":{"@type":"PropertyValueSpecification","valueRequired":true,"valueName":"search_term_string"}}],"inLanguage":"fr-FR"},{"@type":"Organization","@id":"https:\/\/www.separ.de\/en\/#organization","name":"Separ Filter","url":"https:\/\/www.separ.de\/en\/","logo":{"@type":"ImageObject","inLanguage":"fr-FR","@id":"https:\/\/www.separ.de\/en\/#\/schema\/logo\/image\/","url":"https:\/\/www.separ.de\/wp-content\/uploads\/2025\/10\/logo_separ.svg","contentUrl":"https:\/\/www.separ.de\/wp-content\/uploads\/2025\/10\/logo_separ.svg","width":242,"height":114,"caption":"Separ Filter"},"image":{"@id":"https:\/\/www.separ.de\/en\/#\/schema\/logo\/image\/"}}]}},"_links":{"self":[{"href":"https:\/\/www.separ.de\/fr\/wp-json\/wp\/v2\/pages\/2027","targetHints":{"allow":["GET"]}}],"collection":[{"href":"https:\/\/www.separ.de\/fr\/wp-json\/wp\/v2\/pages"}],"about":[{"href":"https:\/\/www.separ.de\/fr\/wp-json\/wp\/v2\/types\/page"}],"author":[{"embeddable":true,"href":"https:\/\/www.separ.de\/fr\/wp-json\/wp\/v2\/users\/1"}],"replies":[{"embeddable":true,"href":"https:\/\/www.separ.de\/fr\/wp-json\/wp\/v2\/comments?post=2027"}],"version-history":[{"count":0,"href":"https:\/\/www.separ.de\/fr\/wp-json\/wp\/v2\/pages\/2027\/revisions"}],"wp:attachment":[{"href":"https:\/\/www.separ.de\/fr\/wp-json\/wp\/v2\/media?parent=2027"}],"curies":[{"name":"wp","href":"https:\/\/api.w.org\/{rel}","templated":true}]}}