{"id":2039,"date":"2025-12-02T16:02:10","date_gmt":"2025-12-02T15:02:10","guid":{"rendered":"https:\/\/separ.dev-pixalla.de\/pieces-de-rechange-et-garantie\/"},"modified":"2026-01-15T16:43:55","modified_gmt":"2026-01-15T15:43:55","slug":"pieces-de-rechange-et-garantie","status":"publish","type":"page","link":"https:\/\/www.separ.de\/fr\/pieces-de-rechange-et-garantie\/","title":{"rendered":"Pi\u00e8ces de rechange et garantie"},"content":{"rendered":"\t\t<div data-elementor-type=\"wp-page\" data-elementor-id=\"2039\" class=\"elementor elementor-2039 elementor-1669\" data-elementor-post-type=\"page\">\n\t\t\t\t<div class=\"elementor-element elementor-element-2b8069f e-con-full e-flex e-con e-parent\" data-id=\"2b8069f\" data-element_type=\"container\" data-e-type=\"container\">\n\t\t<div class=\"elementor-element elementor-element-e2a60a1 e-flex e-con-boxed e-con e-child\" data-id=\"e2a60a1\" data-element_type=\"container\" data-e-type=\"container\" data-settings=\"{&quot;background_background&quot;:&quot;classic&quot;}\">\n\t\t\t\t\t<div class=\"e-con-inner\">\n\t\t<div class=\"elementor-element elementor-element-0277179 e-con-full e-flex e-con e-child\" data-id=\"0277179\" data-element_type=\"container\" data-e-type=\"container\">\n\t\t\t\t<div class=\"elementor-element elementor-element-034137c elementor-widget elementor-widget-heading\" data-id=\"034137c\" data-element_type=\"widget\" data-e-type=\"widget\" data-widget_type=\"heading.default\">\n\t\t\t\t\t<h1 class=\"elementor-heading-title elementor-size-default\">Pi\u00e8ces de rechange &amp; <br><b>Garantie<\/b><\/h1>\t\t\t\t<\/div>\n\t\t\t\t<div class=\"elementor-element elementor-element-2ca97e5 elementor-widget__width-initial elementor-hidden-mobile elementor-widget elementor-widget-text-editor\" data-id=\"2ca97e5\" data-element_type=\"widget\" data-e-type=\"widget\" data-widget_type=\"text-editor.default\">\n\t\t\t\t\t\t\t\t\tNotre service de pi\u00e8ces de rechange et de garantie assure un traitement fluide et transparent, afin que vos produits restent op\u00e9rationnels durablement et que vous puissiez vous fier \u00e0 une s\u00e9curit\u00e9 maximale.\t\t\t\t\t\t\t\t<\/div>\n\t\t\t\t<\/div>\n\t\t\t\t\t<\/div>\n\t\t\t\t<\/div>\n\t\t\t\t<\/div>\n\t\t<div class=\"elementor-element elementor-element-953cd99 e-flex e-con-boxed e-con e-parent\" data-id=\"953cd99\" data-element_type=\"container\" data-e-type=\"container\">\n\t\t\t\t\t<div class=\"e-con-inner\">\n\t\t<div class=\"elementor-element elementor-element-21f5388 e-con-full e-flex e-con e-child\" data-id=\"21f5388\" data-element_type=\"container\" data-e-type=\"container\">\n\t\t\t\t<div class=\"elementor-element elementor-element-29cc013 elementor-widget elementor-widget-text-editor\" data-id=\"29cc013\" data-element_type=\"widget\" data-e-type=\"widget\" data-widget_type=\"text-editor.default\">\n\t\t\t\t\t\t\t\t\t<p>Pi\u00e8ces de rechange et garantie<\/p>\t\t\t\t\t\t\t\t<\/div>\n\t\t\t\t<div class=\"elementor-element elementor-element-2fbe884 elementor-widget elementor-widget-heading\" data-id=\"2fbe884\" data-element_type=\"widget\" data-e-type=\"widget\" data-widget_type=\"heading.default\">\n\t\t\t\t\t<h2 class=\"elementor-heading-title elementor-size-default\">Votre satisfaction est notre priorit\u00e9 absolue.<\/h2>\t\t\t\t<\/div>\n\t\t\t\t<div class=\"elementor-element elementor-element-8693850 elementor-widget__width-initial elementor-widget elementor-widget-text-editor\" data-id=\"8693850\" data-element_type=\"widget\" data-e-type=\"widget\" data-widget_type=\"text-editor.default\">\n\t\t\t\t\t\t\t\t\t<p>Gr\u00e2ce \u00e0 notre solide r\u00e9seau de distributeurs, vous trouverez rapidement le bon interlocuteur pour votre demande.<\/p>\t\t\t\t\t\t\t\t<\/div>\n\t\t\t\t<div class=\"elementor-element elementor-element-69cfad8 elementor-widget elementor-widget-button\" data-id=\"69cfad8\" data-element_type=\"widget\" data-e-type=\"widget\" data-widget_type=\"button.default\">\n\t\t\t\t\t\t\t\t\t\t<a class=\"elementor-button elementor-button-link elementor-size-sm\" href=\"https:\/\/www.separ.de\/haendlersuche\/\">\n\t\t\t\t\t\t<span class=\"elementor-button-content-wrapper\">\n\t\t\t\t\t\t\t\t\t<span class=\"elementor-button-text\">Recherche de revendeur<\/span>\n\t\t\t\t\t<\/span>\n\t\t\t\t\t<\/a>\n\t\t\t\t\t\t\t\t<\/div>\n\t\t\t\t<\/div>\n\t\t<div class=\"elementor-element elementor-element-b92b1ca e-con-full e-flex e-con e-child\" data-id=\"b92b1ca\" data-element_type=\"container\" data-e-type=\"container\">\n\t\t\t\t<div class=\"elementor-element elementor-element-7354514 elementor-invisible elementor-widget elementor-widget-image\" data-id=\"7354514\" data-element_type=\"widget\" data-e-type=\"widget\" data-settings=\"{&quot;_animation&quot;:&quot;fadeInUp&quot;}\" data-widget_type=\"image.default\">\n\t\t\t\t\t\t\t\t\t\t\t\t\t\t\t<img fetchpriority=\"high\" decoding=\"async\" width=\"800\" height=\"516\" src=\"https:\/\/www.separ.de\/wp-content\/uploads\/2025\/11\/welt-e1618989270724-1024x660.png\" class=\"attachment-large size-large wp-image-2042\" alt=\"\" srcset=\"https:\/\/www.separ.de\/wp-content\/uploads\/2025\/11\/welt-e1618989270724-1024x660.png 1024w, https:\/\/www.separ.de\/wp-content\/uploads\/2025\/11\/welt-e1618989270724-300x193.png 300w, https:\/\/www.separ.de\/wp-content\/uploads\/2025\/11\/welt-e1618989270724-768x495.png 768w, https:\/\/www.separ.de\/wp-content\/uploads\/2025\/11\/welt-e1618989270724-1536x991.png 1536w, https:\/\/www.separ.de\/wp-content\/uploads\/2025\/11\/welt-e1618989270724-2048x1321.png 2048w\" sizes=\"(max-width: 800px) 100vw, 800px\" \/>\t\t\t\t\t\t\t\t\t\t\t\t\t\t\t<\/div>\n\t\t\t\t<\/div>\n\t\t\t\t\t<\/div>\n\t\t\t\t<\/div>\n\t\t\t\t<\/div>\n\t\t","protected":false},"excerpt":{"rendered":"<p>Pi\u00e8ces de rechange &amp; Garantie Notre service de pi\u00e8ces de rechange et de garantie assure un traitement fluide et transparent, afin que vos produits restent op\u00e9rationnels durablement et que vous puissiez vous fier \u00e0 une s\u00e9curit\u00e9 maximale. Pi\u00e8ces de rechange et garantie Votre satisfaction est notre priorit\u00e9 absolue. Gr\u00e2ce \u00e0 notre solide r\u00e9seau de distributeurs, [&hellip;]<\/p>\n","protected":false},"author":1,"featured_media":0,"parent":0,"menu_order":0,"comment_status":"closed","ping_status":"closed","template":"","meta":{"footnotes":""},"class_list":["post-2039","page","type-page","status-publish","hentry"],"yoast_head":"<!-- This site is optimized with the Yoast SEO plugin v27.3 - https:\/\/yoast.com\/product\/yoast-seo-wordpress\/ -->\n<title>Pi\u00e8ces de rechange et garantie - Separ Filter<\/title>\n<meta name=\"robots\" content=\"index, follow, max-snippet:-1, max-image-preview:large, max-video-preview:-1\" \/>\n<link rel=\"canonical\" href=\"https:\/\/www.separ.de\/fr\/pieces-de-rechange-et-garantie\/\" \/>\n<meta property=\"og:locale\" content=\"fr_FR\" \/>\n<meta property=\"og:type\" content=\"article\" \/>\n<meta property=\"og:title\" content=\"Pi\u00e8ces de rechange et garantie - Separ Filter\" \/>\n<meta property=\"og:description\" content=\"Pi\u00e8ces de rechange &amp; Garantie Notre service de pi\u00e8ces de rechange et de garantie assure un traitement fluide et transparent, afin que vos produits restent op\u00e9rationnels durablement et que vous puissiez vous fier \u00e0 une s\u00e9curit\u00e9 maximale. Pi\u00e8ces de rechange et garantie Votre satisfaction est notre priorit\u00e9 absolue. Gr\u00e2ce \u00e0 notre solide r\u00e9seau de distributeurs, [&hellip;]\" \/>\n<meta property=\"og:url\" content=\"https:\/\/www.separ.de\/fr\/pieces-de-rechange-et-garantie\/\" \/>\n<meta property=\"og:site_name\" content=\"Separ Filter\" \/>\n<meta property=\"article:modified_time\" content=\"2026-01-15T15:43:55+00:00\" \/>\n<meta property=\"og:image\" content=\"https:\/\/separ.dev-pixalla.de\/wp-content\/uploads\/2025\/11\/welt-e1618989270724-1024x660.png\" \/>\n<meta name=\"twitter:card\" content=\"summary_large_image\" \/>\n<script type=\"application\/ld+json\" class=\"yoast-schema-graph\">{\"@context\":\"https:\\\/\\\/schema.org\",\"@graph\":[{\"@type\":\"WebPage\",\"@id\":\"https:\\\/\\\/www.separ.de\\\/fr\\\/pieces-de-rechange-et-garantie\\\/\",\"url\":\"https:\\\/\\\/www.separ.de\\\/fr\\\/pieces-de-rechange-et-garantie\\\/\",\"name\":\"Pi\u00e8ces de rechange et garantie - Separ Filter\",\"isPartOf\":{\"@id\":\"https:\\\/\\\/www.separ.de\\\/en\\\/#website\"},\"primaryImageOfPage\":{\"@id\":\"https:\\\/\\\/www.separ.de\\\/fr\\\/pieces-de-rechange-et-garantie\\\/#primaryimage\"},\"image\":{\"@id\":\"https:\\\/\\\/www.separ.de\\\/fr\\\/pieces-de-rechange-et-garantie\\\/#primaryimage\"},\"thumbnailUrl\":\"https:\\\/\\\/separ.dev-pixalla.de\\\/wp-content\\\/uploads\\\/2025\\\/11\\\/welt-e1618989270724-1024x660.png\",\"datePublished\":\"2025-12-02T15:02:10+00:00\",\"dateModified\":\"2026-01-15T15:43:55+00:00\",\"breadcrumb\":{\"@id\":\"https:\\\/\\\/www.separ.de\\\/fr\\\/pieces-de-rechange-et-garantie\\\/#breadcrumb\"},\"inLanguage\":\"fr-FR\",\"potentialAction\":[{\"@type\":\"ReadAction\",\"target\":[\"https:\\\/\\\/www.separ.de\\\/fr\\\/pieces-de-rechange-et-garantie\\\/\"]}]},{\"@type\":\"ImageObject\",\"inLanguage\":\"fr-FR\",\"@id\":\"https:\\\/\\\/www.separ.de\\\/fr\\\/pieces-de-rechange-et-garantie\\\/#primaryimage\",\"url\":\"https:\\\/\\\/separ.dev-pixalla.de\\\/wp-content\\\/uploads\\\/2025\\\/11\\\/welt-e1618989270724-1024x660.png\",\"contentUrl\":\"https:\\\/\\\/separ.dev-pixalla.de\\\/wp-content\\\/uploads\\\/2025\\\/11\\\/welt-e1618989270724-1024x660.png\"},{\"@type\":\"BreadcrumbList\",\"@id\":\"https:\\\/\\\/www.separ.de\\\/fr\\\/pieces-de-rechange-et-garantie\\\/#breadcrumb\",\"itemListElement\":[{\"@type\":\"ListItem\",\"position\":1,\"name\":\"Start\",\"item\":\"https:\\\/\\\/www.separ.de\\\/fr\\\/page-daccueil\\\/\"},{\"@type\":\"ListItem\",\"position\":2,\"name\":\"Pi\u00e8ces de rechange et garantie\"}]},{\"@type\":\"WebSite\",\"@id\":\"https:\\\/\\\/www.separ.de\\\/en\\\/#website\",\"url\":\"https:\\\/\\\/www.separ.de\\\/en\\\/\",\"name\":\"Separ Filter\",\"description\":\"\",\"publisher\":{\"@id\":\"https:\\\/\\\/www.separ.de\\\/en\\\/#organization\"},\"potentialAction\":[{\"@type\":\"SearchAction\",\"target\":{\"@type\":\"EntryPoint\",\"urlTemplate\":\"https:\\\/\\\/www.separ.de\\\/en\\\/?s={search_term_string}\"},\"query-input\":{\"@type\":\"PropertyValueSpecification\",\"valueRequired\":true,\"valueName\":\"search_term_string\"}}],\"inLanguage\":\"fr-FR\"},{\"@type\":\"Organization\",\"@id\":\"https:\\\/\\\/www.separ.de\\\/en\\\/#organization\",\"name\":\"Separ Filter\",\"url\":\"https:\\\/\\\/www.separ.de\\\/en\\\/\",\"logo\":{\"@type\":\"ImageObject\",\"inLanguage\":\"fr-FR\",\"@id\":\"https:\\\/\\\/www.separ.de\\\/en\\\/#\\\/schema\\\/logo\\\/image\\\/\",\"url\":\"https:\\\/\\\/www.separ.de\\\/wp-content\\\/uploads\\\/2025\\\/10\\\/logo_separ.svg\",\"contentUrl\":\"https:\\\/\\\/www.separ.de\\\/wp-content\\\/uploads\\\/2025\\\/10\\\/logo_separ.svg\",\"width\":242,\"height\":114,\"caption\":\"Separ Filter\"},\"image\":{\"@id\":\"https:\\\/\\\/www.separ.de\\\/en\\\/#\\\/schema\\\/logo\\\/image\\\/\"}}]}<\/script>\n<!-- \/ Yoast SEO plugin. -->","yoast_head_json":{"title":"Pi\u00e8ces de rechange et garantie - Separ Filter","robots":{"index":"index","follow":"follow","max-snippet":"max-snippet:-1","max-image-preview":"max-image-preview:large","max-video-preview":"max-video-preview:-1"},"canonical":"https:\/\/www.separ.de\/fr\/pieces-de-rechange-et-garantie\/","og_locale":"fr_FR","og_type":"article","og_title":"Pi\u00e8ces de rechange et garantie - Separ Filter","og_description":"Pi\u00e8ces de rechange &amp; Garantie Notre service de pi\u00e8ces de rechange et de garantie assure un traitement fluide et transparent, afin que vos produits restent op\u00e9rationnels durablement et que vous puissiez vous fier \u00e0 une s\u00e9curit\u00e9 maximale. Pi\u00e8ces de rechange et garantie Votre satisfaction est notre priorit\u00e9 absolue. Gr\u00e2ce \u00e0 notre solide r\u00e9seau de distributeurs, [&hellip;]","og_url":"https:\/\/www.separ.de\/fr\/pieces-de-rechange-et-garantie\/","og_site_name":"Separ Filter","article_modified_time":"2026-01-15T15:43:55+00:00","og_image":[{"url":"https:\/\/separ.dev-pixalla.de\/wp-content\/uploads\/2025\/11\/welt-e1618989270724-1024x660.png","type":"","width":"","height":""}],"twitter_card":"summary_large_image","schema":{"@context":"https:\/\/schema.org","@graph":[{"@type":"WebPage","@id":"https:\/\/www.separ.de\/fr\/pieces-de-rechange-et-garantie\/","url":"https:\/\/www.separ.de\/fr\/pieces-de-rechange-et-garantie\/","name":"Pi\u00e8ces de rechange et garantie - Separ Filter","isPartOf":{"@id":"https:\/\/www.separ.de\/en\/#website"},"primaryImageOfPage":{"@id":"https:\/\/www.separ.de\/fr\/pieces-de-rechange-et-garantie\/#primaryimage"},"image":{"@id":"https:\/\/www.separ.de\/fr\/pieces-de-rechange-et-garantie\/#primaryimage"},"thumbnailUrl":"https:\/\/separ.dev-pixalla.de\/wp-content\/uploads\/2025\/11\/welt-e1618989270724-1024x660.png","datePublished":"2025-12-02T15:02:10+00:00","dateModified":"2026-01-15T15:43:55+00:00","breadcrumb":{"@id":"https:\/\/www.separ.de\/fr\/pieces-de-rechange-et-garantie\/#breadcrumb"},"inLanguage":"fr-FR","potentialAction":[{"@type":"ReadAction","target":["https:\/\/www.separ.de\/fr\/pieces-de-rechange-et-garantie\/"]}]},{"@type":"ImageObject","inLanguage":"fr-FR","@id":"https:\/\/www.separ.de\/fr\/pieces-de-rechange-et-garantie\/#primaryimage","url":"https:\/\/separ.dev-pixalla.de\/wp-content\/uploads\/2025\/11\/welt-e1618989270724-1024x660.png","contentUrl":"https:\/\/separ.dev-pixalla.de\/wp-content\/uploads\/2025\/11\/welt-e1618989270724-1024x660.png"},{"@type":"BreadcrumbList","@id":"https:\/\/www.separ.de\/fr\/pieces-de-rechange-et-garantie\/#breadcrumb","itemListElement":[{"@type":"ListItem","position":1,"name":"Start","item":"https:\/\/www.separ.de\/fr\/page-daccueil\/"},{"@type":"ListItem","position":2,"name":"Pi\u00e8ces de rechange et garantie"}]},{"@type":"WebSite","@id":"https:\/\/www.separ.de\/en\/#website","url":"https:\/\/www.separ.de\/en\/","name":"Separ Filter","description":"","publisher":{"@id":"https:\/\/www.separ.de\/en\/#organization"},"potentialAction":[{"@type":"SearchAction","target":{"@type":"EntryPoint","urlTemplate":"https:\/\/www.separ.de\/en\/?s={search_term_string}"},"query-input":{"@type":"PropertyValueSpecification","valueRequired":true,"valueName":"search_term_string"}}],"inLanguage":"fr-FR"},{"@type":"Organization","@id":"https:\/\/www.separ.de\/en\/#organization","name":"Separ Filter","url":"https:\/\/www.separ.de\/en\/","logo":{"@type":"ImageObject","inLanguage":"fr-FR","@id":"https:\/\/www.separ.de\/en\/#\/schema\/logo\/image\/","url":"https:\/\/www.separ.de\/wp-content\/uploads\/2025\/10\/logo_separ.svg","contentUrl":"https:\/\/www.separ.de\/wp-content\/uploads\/2025\/10\/logo_separ.svg","width":242,"height":114,"caption":"Separ Filter"},"image":{"@id":"https:\/\/www.separ.de\/en\/#\/schema\/logo\/image\/"}}]}},"_links":{"self":[{"href":"https:\/\/www.separ.de\/fr\/wp-json\/wp\/v2\/pages\/2039","targetHints":{"allow":["GET"]}}],"collection":[{"href":"https:\/\/www.separ.de\/fr\/wp-json\/wp\/v2\/pages"}],"about":[{"href":"https:\/\/www.separ.de\/fr\/wp-json\/wp\/v2\/types\/page"}],"author":[{"embeddable":true,"href":"https:\/\/www.separ.de\/fr\/wp-json\/wp\/v2\/users\/1"}],"replies":[{"embeddable":true,"href":"https:\/\/www.separ.de\/fr\/wp-json\/wp\/v2\/comments?post=2039"}],"version-history":[{"count":0,"href":"https:\/\/www.separ.de\/fr\/wp-json\/wp\/v2\/pages\/2039\/revisions"}],"wp:attachment":[{"href":"https:\/\/www.separ.de\/fr\/wp-json\/wp\/v2\/media?parent=2039"}],"curies":[{"name":"wp","href":"https:\/\/api.w.org\/{rel}","templated":true}]}}