{"id":2515,"date":"2025-10-21T16:20:48","date_gmt":"2025-10-21T14:20:48","guid":{"rendered":"https:\/\/separ.dev-pixalla.de\/confidentialite\/"},"modified":"2026-02-27T13:02:52","modified_gmt":"2026-02-27T12:02:52","slug":"confidentialite","status":"publish","type":"page","link":"https:\/\/www.separ.de\/fr\/confidentialite\/","title":{"rendered":"Confidentialit\u00e9"},"content":{"rendered":"\t\t<div data-elementor-type=\"wp-page\" data-elementor-id=\"2515\" class=\"elementor elementor-2515 elementor-958\" data-elementor-post-type=\"page\">\n\t\t\t\t<div class=\"elementor-element elementor-element-c81b46f e-flex e-con-boxed e-con e-parent\" data-id=\"c81b46f\" data-element_type=\"container\" data-e-type=\"container\">\n\t\t\t\t\t<div class=\"e-con-inner\">\n\t\t\t\t<div class=\"elementor-element elementor-element-6a3aa45 elementor-widget elementor-widget-text-editor\" data-id=\"6a3aa45\" data-element_type=\"widget\" data-e-type=\"widget\" data-widget_type=\"text-editor.default\">\n\t\t\t\t\t\t\t\t\t<h1>D\u00e9claration de confidentialit\u00e9<\/h1>\n<h2>1. Aper\u00e7u de la protection des donn\u00e9es<\/h2>\n<h3>Remarques g\u00e9n\u00e9rales<\/h3> <p>Les remarques suivantes donnent un aper\u00e7u simple de ce qu&rsquo;il advient de vos donn\u00e9es \u00e0 caract\u00e8re personnel lorsque vous visitez ce site web. Les donn\u00e9es \u00e0 caract\u00e8re personnel sont toutes les donn\u00e9es permettant de vous identifier personnellement. Vous trouverez des informations d\u00e9taill\u00e9es sur le th\u00e8me de la protection des donn\u00e9es dans notre d\u00e9claration de confidentialit\u00e9 figurant sous ce texte.  <\/p>\n<h3>Collecte de donn\u00e9es sur ce site web<\/h3> <h4>Qui est responsable de la collecte des donn\u00e9es sur ce site web ?<\/h4> <p>Le traitement des donn\u00e9es sur ce site web est effectu\u00e9 par l&rsquo;exploitant du site. Vous trouverez ses coordonn\u00e9es dans la section \u00ab Remarque relative au responsable du traitement \u00bb de la pr\u00e9sente d\u00e9claration de confidentialit\u00e9. <\/p> <h4>Comment collectons-nous vos donn\u00e9es ?<\/h4> <p>Vos donn\u00e9es sont d&rsquo;une part collect\u00e9es par le fait que vous nous les communiquez. Il peut s&rsquo;agir, par exemple, de donn\u00e9es que vous saisissez dans un formulaire de contact. <\/p> <p>D&rsquo;autres donn\u00e9es sont collect\u00e9es automatiquement ou apr\u00e8s votre consentement par nos syst\u00e8mes informatiques lors de votre visite sur le site web. Il s&rsquo;agit principalement de donn\u00e9es techniques (par exemple, le navigateur internet, le syst\u00e8me d&rsquo;exploitation ou l&rsquo;heure de consultation de la page). La collecte de ces donn\u00e9es se fait automatiquement d\u00e8s que vous acc\u00e9dez \u00e0 ce site web.  <\/p> <h4>\u00c0 quoi servent vos donn\u00e9es ?<\/h4> <p>Une partie des donn\u00e9es est collect\u00e9e afin de garantir une mise \u00e0 disposition sans erreur du site web. D&rsquo;autres donn\u00e9es peuvent \u00eatre utilis\u00e9es pour analyser votre comportement d&rsquo;utilisateur. Dans la mesure o\u00f9 des contrats peuvent \u00eatre conclus ou initi\u00e9s via le site web, les donn\u00e9es transmises sont \u00e9galement trait\u00e9es pour des offres contractuelles, des commandes ou d&rsquo;autres demandes de prestations.  <\/p> <h4>Quels sont vos droits concernant vos donn\u00e9es ?<\/h4> <p>Vous avez le droit de recevoir \u00e0 tout moment et gratuitement des informations sur l&rsquo;origine, le destinataire et la finalit\u00e9 de vos donn\u00e9es \u00e0 caract\u00e8re personnel enregistr\u00e9es. Vous avez \u00e9galement le droit de demander la rectification ou la suppression de ces donn\u00e9es. Si vous avez donn\u00e9 votre consentement au traitement des donn\u00e9es, vous pouvez le r\u00e9voquer \u00e0 tout moment pour l&rsquo;avenir. En outre, vous avez le droit, dans certaines circonstances, de demander la limitation du traitement de vos donn\u00e9es \u00e0 caract\u00e8re personnel. De plus, vous disposez d&rsquo;un droit de recours aupr\u00e8s de l&rsquo;autorit\u00e9 de contr\u00f4le comp\u00e9tente.    <\/p> <p>Pour cela, ainsi que pour toute autre question relative \u00e0 la protection des donn\u00e9es, vous pouvez nous contacter \u00e0 tout moment.<\/p>\n<h2>2. H\u00e9bergement<\/h2>\n<p>Nous h\u00e9bergeons les contenus de notre site web chez le prestataire suivant :<\/p>\n<h3>H\u00e9bergement externe<\/h3> <p>Ce site web est h\u00e9berg\u00e9 de mani\u00e8re externe. Les donn\u00e9es \u00e0 caract\u00e8re personnel collect\u00e9es sur ce site web sont stock\u00e9es sur les serveurs de l&rsquo;h\u00e9bergeur ou des h\u00e9bergeurs. Il peut s&rsquo;agir notamment d&rsquo;adresses IP, de demandes de contact, de m\u00e9tadonn\u00e9es et de donn\u00e9es de communication, de donn\u00e9es contractuelles, de coordonn\u00e9es, de noms, d&rsquo;acc\u00e8s au site web et d&rsquo;autres donn\u00e9es g\u00e9n\u00e9r\u00e9es par un site web.  <\/p> <p>L&rsquo;h\u00e9bergement externe est effectu\u00e9 aux fins de l&rsquo;ex\u00e9cution du contrat vis-\u00e0-vis de nos clients potentiels et existants (art. 6, par. 1, point b du RGPD) et dans l&rsquo;int\u00e9r\u00eat d&rsquo;une mise \u00e0 disposition s\u00fbre, rapide et efficace de notre offre en ligne par un prestataire professionnel (art. 6, par. 1, point f du RGPD). Dans la mesure o\u00f9 un consentement correspondant a \u00e9t\u00e9 demand\u00e9, le traitement s&rsquo;effectue exclusivement sur la base de l&rsquo;art. 6, par. 1, point a du RGPD et de l&rsquo;article 25, par. 1 de la TDDDG, dans la mesure o\u00f9 le consentement inclut le stockage de cookies ou l&rsquo;acc\u00e8s \u00e0 des informations dans l&rsquo;\u00e9quipement terminal de l&rsquo;utilisateur (par exemple, le fingerprinting de l&rsquo;appareil) au sens de la TDDDG. Le consentement est r\u00e9vocable \u00e0 tout moment.     <\/p> <p>Notre ou nos h\u00e9bergeurs ne traiteront vos donn\u00e9es que dans la mesure o\u00f9 cela est n\u00e9cessaire \u00e0 l&rsquo;ex\u00e9cution de leurs obligations de service et suivront nos instructions concernant ces donn\u00e9es.<\/p> <p>Nous utilisons le(s) h\u00e9bergeur(s) suivant(s) :<\/p>\n<p>Internetagentur pixalla\u00ae<br>Dennis Volmer e.K.<br>Bembergstr. 20<br>42103 Wuppertal <\/p>\n<h4>Sous-traitance<\/h4> <p>Nous avons conclu un contrat de sous-traitance (AVV) pour l&rsquo;utilisation du service susmentionn\u00e9. Il s&rsquo;agit d&rsquo;un contrat prescrit par le droit de la protection des donn\u00e9es, qui garantit que celui-ci ne traite les donn\u00e9es \u00e0 caract\u00e8re personnel des visiteurs de notre site web que selon nos instructions et dans le respect du RGPD. <\/p>\n<h2>3. Remarques g\u00e9n\u00e9rales et informations obligatoires<\/h2>\n<h3>Confidentialit\u00e9<\/h3> <p>Les exploitants de ces pages prennent la protection de vos donn\u00e9es personnelles tr\u00e8s au s\u00e9rieux. Nous traitons vos donn\u00e9es \u00e0 caract\u00e8re personnel de mani\u00e8re confidentielle et conform\u00e9ment aux dispositions l\u00e9gales en mati\u00e8re de protection des donn\u00e9es ainsi qu&rsquo;\u00e0 la pr\u00e9sente d\u00e9claration de confidentialit\u00e9. <\/p> <p>Lorsque vous utilisez ce site web, diverses donn\u00e9es \u00e0 caract\u00e8re personnel sont collect\u00e9es. Les donn\u00e9es \u00e0 caract\u00e8re personnel sont des donn\u00e9es permettant de vous identifier personnellement. La pr\u00e9sente d\u00e9claration de confidentialit\u00e9 explique quelles donn\u00e9es nous collectons et \u00e0 quoi nous les utilisons. Elle explique \u00e9galement comment et dans quel but cela se produit.   <\/p> <p>Nous attirons votre attention sur le fait que la transmission de donn\u00e9es sur internet (par exemple, lors de la communication par e-mail) peut pr\u00e9senter des failles de s\u00e9curit\u00e9. Une protection compl\u00e8te des donn\u00e9es contre l&rsquo;acc\u00e8s par des tiers n&rsquo;est pas possible. <\/p>\n<h3>Remarque relative au responsable du traitement<\/h3> <p>Le responsable du traitement des donn\u00e9es sur ce site web est :<\/p> <p>Willibrord L\u00f6sing Filterproduktion GmbH<br>Ingeborg L\u00f6sing<br>Am Walzwerk 2<br>45527 Hattingen<\/p>\n\n<p>T\u00e9l\u00e9phone : +49 2324 9460-0<br>E-mail : +49 2324 40842<\/p>\n <p>Le responsable du traitement est la personne physique ou morale qui, seule ou conjointement avec d&rsquo;autres, d\u00e9cide des finalit\u00e9s et des moyens du traitement de donn\u00e9es \u00e0 caract\u00e8re personnel (par exemple, noms, adresses e-mail, etc.).<\/p>\n\n<h3>Dur\u00e9e de conservation<\/h3> <p>Sauf si une dur\u00e9e de conservation plus sp\u00e9cifique a \u00e9t\u00e9 mentionn\u00e9e dans la pr\u00e9sente d\u00e9claration de confidentialit\u00e9, vos donn\u00e9es \u00e0 caract\u00e8re personnel restent chez nous jusqu&rsquo;\u00e0 ce que la finalit\u00e9 du traitement des donn\u00e9es devienne caduque. Si vous faites valoir une demande de suppression justifi\u00e9e ou si vous r\u00e9voquez un consentement au traitement des donn\u00e9es, vos donn\u00e9es seront supprim\u00e9es, \u00e0 moins que nous n&rsquo;ayons d&rsquo;autres raisons l\u00e9galement admissibles pour conserver vos donn\u00e9es \u00e0 caract\u00e8re personnel (par exemple, des d\u00e9lais de conservation fiscaux ou commerciaux) ; dans ce dernier cas, la suppression intervient apr\u00e8s la disparition de ces raisons. <\/p>\n<h3>Remarques g\u00e9n\u00e9rales sur les bases juridiques du traitement des donn\u00e9es sur ce site web<\/h3> <p>Si vous avez consenti au traitement des donn\u00e9es, nous traitons vos donn\u00e9es \u00e0 caract\u00e8re personnel sur la base de l&rsquo;art. 6, par. 1, point a du RGPD ou de l&rsquo;art. 9, par. 2, point a du RGPD, si des cat\u00e9gories particuli\u00e8res de donn\u00e9es selon l&rsquo;art. 9, par. 1 du RGPD sont trait\u00e9es. En cas de consentement explicite au transfert de donn\u00e9es \u00e0 caract\u00e8re personnel vers des pays tiers, le traitement des donn\u00e9es s&rsquo;effectue en outre sur la base de l&rsquo;art. 49, par. 1, point a du RGPD. Si vous avez consenti au stockage de cookies ou \u00e0 l&rsquo;acc\u00e8s \u00e0 des informations dans votre \u00e9quipement terminal (par exemple, via le fingerprinting de l&rsquo;appareil), le traitement des donn\u00e9es s&rsquo;effectue en plus sur la base de l&rsquo;article 25, par. 1 de la TDDDG. Le consentement est r\u00e9vocable \u00e0 tout moment. Si vos donn\u00e9es sont n\u00e9cessaires \u00e0 l&rsquo;ex\u00e9cution d&rsquo;un contrat ou \u00e0 l&rsquo;ex\u00e9cution de mesures pr\u00e9contractuelles, nous traitons vos donn\u00e9es sur la base de l&rsquo;art. 6, par. 1, point b du RGPD. En outre, nous traitons vos donn\u00e9es si elles sont n\u00e9cessaires \u00e0 l&rsquo;ex\u00e9cution d&rsquo;une obligation l\u00e9gale sur la base de l&rsquo;art. 6, par. 1, point c du RGPD. Le traitement des donn\u00e9es peut \u00e9galement \u00eatre effectu\u00e9 sur la base de notre int\u00e9r\u00eat l\u00e9gitime conform\u00e9ment \u00e0 l&rsquo;art. 6, par. 1, point f du RGPD. Les paragraphes suivants de la pr\u00e9sente d\u00e9claration de confidentialit\u00e9 informent sur les bases juridiques applicables dans chaque cas particulier.                     <\/p>\n<h3>Destinataires des donn\u00e9es \u00e0 caract\u00e8re personnel<\/h3> <p>Dans le cadre de nos activit\u00e9s commerciales, nous collaborons avec diff\u00e9rents organismes externes. Dans ce contexte, une transmission de donn\u00e9es \u00e0 caract\u00e8re personnel \u00e0 ces organismes externes est parfois n\u00e9cessaire. Nous ne transmettons des donn\u00e9es \u00e0 caract\u00e8re personnel \u00e0 des organismes externes que si cela est n\u00e9cessaire dans le cadre de l&rsquo;ex\u00e9cution d&rsquo;un contrat, si nous y sommes l\u00e9galement oblig\u00e9s (par exemple, transmission de donn\u00e9es aux autorit\u00e9s fiscales), si nous avons un int\u00e9r\u00eat l\u00e9gitime selon l&rsquo;art. 6, par. 1, point f du RGPD \u00e0 cette transmission ou si une autre base juridique autorise la transmission des donn\u00e9es. En cas de recours \u00e0 des sous-traitants, nous ne transmettons les donn\u00e9es \u00e0 caract\u00e8re personnel de nos clients que sur la base d&rsquo;un contrat de sous-traitance valide. En cas de traitement conjoint, un contrat de traitement conjoint est conclu.      <\/p>\n<h3>R\u00e9vocation de votre consentement au traitement des donn\u00e9es<\/h3> <p>De nombreuses op\u00e9rations de traitement des donn\u00e9es ne sont possibles qu&rsquo;avec votre consentement explicite. Vous pouvez r\u00e9voquer \u00e0 tout moment un consentement d\u00e9j\u00e0 donn\u00e9. La lic\u00e9it\u00e9 du traitement des donn\u00e9es effectu\u00e9 jusqu&rsquo;\u00e0 la r\u00e9vocation n&rsquo;est pas affect\u00e9e par celle-ci.  <\/p>\n<h3>Droit d&rsquo;opposition \u00e0 la collecte de donn\u00e9es dans des cas particuliers ainsi qu&rsquo;\u00e0 la publicit\u00e9 directe (art. 21 du RGPD)<\/h3> <p>SI LE TRAITEMENT DES DONN\u00c9ES EST EFFECTU\u00c9 SUR LA BASE DE L&rsquo;ART. 6, PAR. 1, POINT E OU F DU RGPD, VOUS AVEZ LE DROIT, \u00c0 TOUT MOMENT, POUR DES RAISONS TENANT \u00c0 VOTRE SITUATION PARTICULI\u00c8RE, DE VOUS OPPOSER AU TRAITEMENT DE VOS DONN\u00c9ES \u00c0 CARACT\u00c8RE PERSONNEL ; CELA S&rsquo;APPLIQUE \u00c9GALEMENT AU PROFILAGE FOND\u00c9 SUR CES DISPOSITIONS. VOUS TROUVEREZ LA BASE JURIDIQUE RESPECTIVE SUR LAQUELLE REPOSE UN TRAITEMENT DANS LA PR\u00c9SENTE D\u00c9CLARATION DE CONFIDENTIALIT\u00c9. SI VOUS VOUS Y OPPOSEZ, NOUS NE TRAITERONS PLUS VOS DONN\u00c9ES \u00c0 CARACT\u00c8RE PERSONNEL CONCERN\u00c9ES, \u00c0 MOINS QUE NOUS NE PUISSIONS D\u00c9MONTRER QU&rsquo;IL EXISTE DES MOTIFS L\u00c9GITIMES ET IMP\u00c9RIEUX POUR LE TRAITEMENT QUI PR\u00c9VALENT SUR VOS INT\u00c9R\u00caTS, DROITS ET LIBERT\u00c9S, OU QUE LE TRAITEMENT SERVE \u00c0 LA CONSTATATION, \u00c0 L&rsquo;EXERCICE OU \u00c0 LA D\u00c9FENSE DE DROITS EN JUSTICE (OPPOSITION SELON L&rsquo;ART. 21, PAR. 1 DU RGPD).    <\/p> <p>SI VOS DONN\u00c9ES \u00c0 CARACT\u00c8RE PERSONNEL SONT TRAIT\u00c9ES \u00c0 DES FINS DE PROSPECTION, VOUS AVEZ LE DROIT DE VOUS OPPOSER \u00c0 TOUT MOMENT AU TRAITEMENT DES DONN\u00c9ES \u00c0 CARACT\u00c8RE PERSONNEL VOUS CONCERNANT \u00c0 DE TELLES FINS DE PUBLICIT\u00c9 ; CELA S&rsquo;APPLIQUE \u00c9GALEMENT AU PROFILAGE DANS LA MESURE O\u00d9 IL EST LI\u00c9 \u00c0 UNE TELLE PROSPECTION. SI VOUS VOUS Y OPPOSEZ, VOS DONN\u00c9ES \u00c0 CARACT\u00c8RE PERSONNEL NE SERONT PLUS UTILIS\u00c9ES \u00c0 DES FINS DE PROSPECTION (OPPOSITION SELON L&rsquo;ART. 21, PAR. 2 DU RGPD). <\/p>\n<h3>Droit de recours aupr\u00e8s de l&rsquo;autorit\u00e9 de contr\u00f4le comp\u00e9tente<\/h3> <p>En cas de violation du RGPD, les personnes concern\u00e9es disposent d&rsquo;un droit de recours aupr\u00e8s d&rsquo;une autorit\u00e9 de contr\u00f4le, notamment dans l&rsquo;\u00c9tat membre de leur r\u00e9sidence habituelle, de leur lieu de travail ou du lieu de la violation pr\u00e9sum\u00e9e. Le droit de recours existe sans pr\u00e9judice de tout autre recours administratif ou juridictionnel. <\/p>\n<h3>Droit \u00e0 la portabilit\u00e9 des donn\u00e9es<\/h3> <p>Vous avez le droit de vous faire remettre ou de faire remettre \u00e0 un tiers, dans un format couramment utilis\u00e9 et lisible par machine, les donn\u00e9es que nous traitons automatiquement sur la base de votre consentement ou en ex\u00e9cution d&rsquo;un contrat. Si vous demandez le transfert direct des donn\u00e9es \u00e0 un autre responsable, cela ne se fera que dans la mesure o\u00f9 cela est techniquement possible. <\/p>\n<h3>Information, rectification et suppression<\/h3> <p>Dans le cadre des dispositions l\u00e9gales en vigueur, vous avez \u00e0 tout moment le droit d&rsquo;obtenir gratuitement des informations sur vos donn\u00e9es \u00e0 caract\u00e8re personnel enregistr\u00e9es, leur origine et leurs destinataires ainsi que la finalit\u00e9 du traitement des donn\u00e9es et, le cas \u00e9ch\u00e9ant, un droit de rectification ou de suppression de ces donn\u00e9es. Pour cela, ainsi que pour toute autre question relative aux donn\u00e9es \u00e0 caract\u00e8re personnel, vous pouvez nous contacter \u00e0 tout moment. <\/p>\n<h3>Droit \u00e0 la limitation du traitement<\/h3> <p>Vous avez le droit de demander la limitation du traitement de vos donn\u00e9es \u00e0 caract\u00e8re personnel. Pour ce faire, vous pouvez nous contacter \u00e0 tout moment. Le droit \u00e0 la limitation du traitement existe dans les cas suivants :  <\/p> <ul> <li>Si vous contestez l&rsquo;exactitude de vos donn\u00e9es \u00e0 caract\u00e8re personnel enregistr\u00e9es chez nous, nous avons g\u00e9n\u00e9ralement besoin de temps pour v\u00e9rifier cela. Pendant la dur\u00e9e de la v\u00e9rification, vous avez le droit de demander la limitation du traitement de vos donn\u00e9es \u00e0 caract\u00e8re personnel. <\/li> <li>Si le traitement de vos donn\u00e9es \u00e0 caract\u00e8re personnel \u00e9tait\/est illicite, vous pouvez demander la limitation du traitement des donn\u00e9es au lieu de leur suppression.<\/li> <li>Si nous n&rsquo;avons plus besoin de vos donn\u00e9es \u00e0 caract\u00e8re personnel, mais que vous en avez besoin pour l&rsquo;exercice, la d\u00e9fense ou la constatation de droits en justice, vous avez le droit de demander la limitation du traitement de vos donn\u00e9es \u00e0 caract\u00e8re personnel au lieu de leur suppression.<\/li> <li>Si vous avez d\u00e9pos\u00e9 une opposition selon l&rsquo;art. 21, par. 1 du RGPD, une pes\u00e9e doit \u00eatre effectu\u00e9e entre vos int\u00e9r\u00eats et les n\u00f4tres. Tant qu&rsquo;il n&rsquo;a pas encore \u00e9t\u00e9 d\u00e9termin\u00e9 quels int\u00e9r\u00eats pr\u00e9valent, vous avez le droit de demander la limitation du traitement de vos donn\u00e9es \u00e0 caract\u00e8re personnel.  <\/li> <\/ul> <p>Si vous avez limit\u00e9 le traitement de vos donn\u00e9es \u00e0 caract\u00e8re personnel, ces donn\u00e9es ne peuvent \u00eatre trait\u00e9es \u2014 \u00e0 l&rsquo;exception de leur stockage \u2014 qu&rsquo;avec votre consentement ou pour la constatation, l&rsquo;exercice ou la d\u00e9fense de droits en justice, ou pour la protection des droits d&rsquo;une autre personne physique ou morale, ou pour des motifs d&rsquo;int\u00e9r\u00eat public important de l&rsquo;Union europ\u00e9enne ou d&rsquo;un \u00c9tat membre.<\/p>\n<h3>Chiffrement SSL ou TLS<\/h3> <p>Ce site utilise un chiffrement SSL ou TLS pour des raisons de s\u00e9curit\u00e9 et pour prot\u00e9ger la transmission de contenus confidentiels, tels que les commandes ou les demandes que vous nous envoyez en tant qu&rsquo;exploitant du site. Vous reconnaissez une connexion chiffr\u00e9e au fait que la ligne d&rsquo;adresse du navigateur passe de \u00ab http:\/\/ \u00bb \u00e0 \u00ab https:\/\/ \u00bb et au symbole du cadenas dans la ligne de votre navigateur. <\/p> <p>Si le chiffrement SSL ou TLS est activ\u00e9, les donn\u00e9es que vous nous transmettez ne peuvent pas \u00eatre lues par des tiers.<\/p>\n<h3>Opposition aux e-mails publicitaires<\/h3> <p>L&rsquo;utilisation des coordonn\u00e9es publi\u00e9es dans le cadre de l&rsquo;obligation de mentions l\u00e9gales pour l&rsquo;envoi de publicit\u00e9 et de mat\u00e9riel d&rsquo;information non express\u00e9ment demand\u00e9s est par la pr\u00e9sente refus\u00e9e. Les exploitants des pages se r\u00e9servent express\u00e9ment le droit d&rsquo;engager des poursuites judiciaires en cas d&rsquo;envoi non sollicit\u00e9 d&rsquo;informations publicitaires, par exemple par des e-mails de spam. <\/p>\n<h2>4. Collecte de donn\u00e9es sur ce site web<\/h2>\n<h3>Cookies<\/h3> <p>Nos pages internet utilisent des \u00ab cookies \u00bb. Les cookies sont de petits paquets de donn\u00e9es et ne causent aucun dommage \u00e0 votre \u00e9quipement terminal. Ils sont stock\u00e9s sur votre terminal soit temporairement pour la dur\u00e9e d&rsquo;une session (cookies de session), soit de mani\u00e8re permanente (cookies permanents). Les cookies de session sont automatiquement supprim\u00e9s \u00e0 la fin de votre visite. Les cookies permanents restent stock\u00e9s sur votre terminal jusqu&rsquo;\u00e0 ce que vous les supprimiez vous-m\u00eame ou qu&rsquo;une suppression automatique soit effectu\u00e9e par votre navigateur web.    <\/p> <p>Les cookies peuvent provenir de nous (cookies de premi\u00e8re partie) ou de soci\u00e9t\u00e9s tierces (cookies de tierce partie). Les cookies de tierce partie permettent l&rsquo;int\u00e9gration de certains services de soci\u00e9t\u00e9s tierces au sein des pages web (par exemple, des cookies pour le traitement des services de paiement). <\/p> <p>Les cookies ont diff\u00e9rentes fonctions. De nombreux cookies sont techniquement n\u00e9cessaires, car certaines fonctions du site web ne fonctionneraient pas sans eux (par exemple, la fonction de panier d&rsquo;achat ou l&rsquo;affichage de vid\u00e9os). D&rsquo;autres cookies peuvent \u00eatre utilis\u00e9s pour \u00e9valuer le comportement de l&rsquo;utilisateur ou \u00e0 des fins publicitaires.  <\/p> <p>Les cookies n\u00e9cessaires \u00e0 l&rsquo;ex\u00e9cution du processus de communication \u00e9lectronique, \u00e0 la fourniture de certaines fonctions que vous souhaitez (par exemple, pour la fonction de panier d&rsquo;achat) ou \u00e0 l&rsquo;optimisation du site web (par exemple, des cookies pour mesurer l&rsquo;audience web) (cookies n\u00e9cessaires) sont stock\u00e9s sur la base de l&rsquo;art. 6, par. 1, point f du RGPD, sauf si une autre base juridique est indiqu\u00e9e. L&rsquo;exploitant du site web a un int\u00e9r\u00eat l\u00e9gitime au stockage des cookies n\u00e9cessaires pour une mise \u00e0 disposition techniquement sans erreur et optimis\u00e9e de ses services. Dans la mesure o\u00f9 un consentement au stockage de cookies et de technologies de reconnaissance comparables a \u00e9t\u00e9 demand\u00e9, le traitement s&rsquo;effectue exclusivement sur la base de ce consentement (art. 6, par. 1, point a du RGPD et article 25, par. 1 de la TDDDG) ; le consentement est r\u00e9vocable \u00e0 tout moment.    <\/p> <p>Vous pouvez configurer votre navigateur de mani\u00e8re \u00e0 \u00eatre inform\u00e9 de la mise en place de cookies et \u00e0 n&rsquo;autoriser les cookies qu&rsquo;au cas par cas, \u00e0 exclure l&rsquo;acceptation des cookies pour certains cas ou de mani\u00e8re g\u00e9n\u00e9rale, ainsi qu&rsquo;\u00e0 activer la suppression automatique des cookies \u00e0 la fermeture du navigateur. En cas de d\u00e9sactivation des cookies, la fonctionnalit\u00e9 de ce site web peut \u00eatre limit\u00e9e. <\/p> <p>Dans la mesure o\u00f9 d&rsquo;autres cookies et services sont utilis\u00e9s sur ce site web, vous pouvez le consulter dans la pr\u00e9sente d\u00e9claration de confidentialit\u00e9.<\/p>\n<h3>Consentement avec Borlabs Cookie<\/h3> <p>Notre site web utilise la technologie de consentement de Borlabs Cookie pour obtenir votre consentement au stockage de certains cookies dans votre navigateur ou \u00e0 l&rsquo;utilisation de certaines technologies et pour documenter cela conform\u00e9ment \u00e0 la protection des donn\u00e9es. Le fournisseur de cette technologie est Borlabs GmbH, Hamburger Str. 11, 22083 Hamburg (ci-apr\u00e8s Borlabs). <\/p> <p>Lorsque vous acc\u00e9dez \u00e0 notre site web, un cookie Borlabs est enregistr\u00e9 dans votre navigateur, dans lequel sont stock\u00e9s les consentements que vous avez donn\u00e9s ou la r\u00e9vocation de ces consentements. Ces donn\u00e9es ne sont pas transmises au fournisseur de Borlabs Cookie. <\/p> <p>Les donn\u00e9es collect\u00e9es sont conserv\u00e9es jusqu&rsquo;\u00e0 ce que vous nous demandiez de les supprimer, que vous supprimiez vous-m\u00eame le cookie Borlabs ou que la finalit\u00e9 de la conservation des donn\u00e9es devienne caduque. Les d\u00e9lais de conservation l\u00e9gaux obligatoires ne sont pas affect\u00e9s. Vous trouverez des d\u00e9tails sur le traitement des donn\u00e9es par Borlabs Cookie sur <a href=\"https:\/\/de.borlabs.io\/kb\/welche-daten-speichert-borlabs-cookie\/\" target=\"_blank\" rel=\"noopener noreferrer\">https:\/\/de.borlabs.io\/kb\/welche-daten-speichert-borlabs-cookie\/<\/a>.  <\/p> <p>L&rsquo;utilisation de la technologie de consentement Borlabs Cookie est effectu\u00e9e afin d&rsquo;obtenir les consentements prescrits par la loi pour l&rsquo;utilisation de cookies. La base juridique pour cela est l&rsquo;art. 6, par. 1, point c du RGPD.   <\/p>\n<h3>Fichiers journaux du serveur<\/h3> <p>Le fournisseur des pages collecte et stocke automatiquement des informations dans des fichiers journaux du serveur que votre navigateur nous transmet automatiquement. Il s&rsquo;agit de : <\/p> <ul> <li>Type et version du navigateur<\/li> <li>Syst\u00e8me d&rsquo;exploitation utilis\u00e9<\/li> <li>URL de r\u00e9f\u00e9rence<\/li> <li>Nom d&rsquo;h\u00f4te de l&rsquo;ordinateur acc\u00e9dant<\/li> <li>Heure de la requ\u00eate au serveur<\/li> <li>Adresse IP<\/li> <\/ul> <p>Aucun regroupement de ces donn\u00e9es avec d&rsquo;autres sources de donn\u00e9es n&rsquo;est effectu\u00e9.<\/p> <p>La collecte de ces donn\u00e9es s&rsquo;effectue sur la base de l&rsquo;art. 6, par. 1, point f du RGPD. L&rsquo;exploitant du site web a un int\u00e9r\u00eat l\u00e9gitime \u00e0 la pr\u00e9sentation techniquement sans erreur et \u00e0 l&rsquo;optimisation de son site web \u2014 pour cela, les fichiers journaux du serveur doivent \u00eatre collect\u00e9s.   <\/p>\n<h3>Formulaire de contact<\/h3> <p>Si vous nous faites parvenir des demandes via le formulaire de contact, vos indications du formulaire de demande, y compris les coordonn\u00e9es que vous y avez indiqu\u00e9es, seront enregistr\u00e9es chez nous aux fins de traitement de la demande et en cas de questions compl\u00e9mentaires. Nous ne transmettons pas ces donn\u00e9es sans votre consentement. <\/p> <p>Le traitement de ces donn\u00e9es s&rsquo;effectue sur la base de l&rsquo;art. 6, par. 1, point b du RGPD, dans la mesure o\u00f9 votre demande est li\u00e9e \u00e0 l&rsquo;ex\u00e9cution d&rsquo;un contrat ou est n\u00e9cessaire \u00e0 l&rsquo;ex\u00e9cution de mesures pr\u00e9contractuelles. Dans tous les autres cas, le traitement repose sur notre int\u00e9r\u00eat l\u00e9gitime \u00e0 un traitement efficace des demandes qui nous sont adress\u00e9es (art. 6, par. 1, point f du RGPD) ou sur votre consentement (art. 6, par. 1, point a du RGPD) si celui-ci a \u00e9t\u00e9 demand\u00e9 ; le consentement est r\u00e9vocable \u00e0 tout moment.   <\/p> <p>Les donn\u00e9es que vous avez saisies dans le formulaire de contact restent chez nous jusqu&rsquo;\u00e0 ce que vous nous demandiez de les supprimer, que vous r\u00e9voquiez votre consentement au stockage ou que la finalit\u00e9 du stockage des donn\u00e9es devienne caduque (par exemple, apr\u00e8s le traitement termin\u00e9 de votre demande). Les dispositions l\u00e9gales imp\u00e9ratives \u2014 en particulier les d\u00e9lais de conservation \u2014 ne sont pas affect\u00e9es. <\/p>\n<h3>Demande par e-mail, t\u00e9l\u00e9phone ou fax<\/h3> <p>Si vous nous contactez par e-mail, t\u00e9l\u00e9phone ou fax, votre demande, y compris toutes les donn\u00e9es \u00e0 caract\u00e8re personnel qui en d\u00e9coulent (nom, demande), sera enregistr\u00e9e et trait\u00e9e chez nous aux fins de traitement de votre demande. Nous ne transmettons pas ces donn\u00e9es sans votre consentement. <\/p> <p>Le traitement de ces donn\u00e9es s&rsquo;effectue sur la base de l&rsquo;art. 6, par. 1, point b du RGPD, dans la mesure o\u00f9 votre demande est li\u00e9e \u00e0 l&rsquo;ex\u00e9cution d&rsquo;un contrat ou est n\u00e9cessaire \u00e0 l&rsquo;ex\u00e9cution de mesures pr\u00e9contractuelles. Dans tous les autres cas, le traitement repose sur notre int\u00e9r\u00eat l\u00e9gitime \u00e0 un traitement efficace des demandes qui nous sont adress\u00e9es (art. 6, par. 1, point f du RGPD) ou sur votre consentement (art. 6, par. 1, point a du RGPD) si celui-ci a \u00e9t\u00e9 demand\u00e9 ; le consentement est r\u00e9vocable \u00e0 tout moment.   <\/p> <p>Les donn\u00e9es que vous nous avez envoy\u00e9es par demande de contact restent chez nous jusqu&rsquo;\u00e0 ce que vous nous demandiez de les supprimer, que vous r\u00e9voquiez votre consentement au stockage ou que la finalit\u00e9 du stockage des donn\u00e9es devienne caduque (par exemple, apr\u00e8s le traitement termin\u00e9 de votre demande). Les dispositions l\u00e9gales imp\u00e9ratives \u2014 en particulier les d\u00e9lais de conservation l\u00e9gaux \u2014 ne sont pas affect\u00e9es. <\/p>\n<h2>5. R\u00e9seaux sociaux<\/h2>\n<h3>LinkedIn<\/h3> <p>Ce site web utilise des \u00e9l\u00e9ments du r\u00e9seau LinkedIn. Le fournisseur est LinkedIn Ireland Unlimited Company, Wilton Plaza, Wilton Place, Dublin 2, Irlande. <\/p> <p>\u00c0 chaque consultation d&rsquo;une page de ce site web contenant des \u00e9l\u00e9ments de LinkedIn, une connexion aux serveurs de LinkedIn est \u00e9tablie. LinkedIn est inform\u00e9 que vous avez visit\u00e9 ce site web avec votre adresse IP. Si vous cliquez sur le bouton \u00ab Recommander \u00bb de LinkedIn et que vous \u00eates connect\u00e9 \u00e0 votre compte LinkedIn, il est possible pour LinkedIn d&rsquo;associer votre visite sur ce site web \u00e0 vous et \u00e0 votre compte utilisateur. Nous attirons votre attention sur le fait qu&rsquo;en tant que fournisseur des pages, nous n&rsquo;avons aucune connaissance du contenu des donn\u00e9es transmises ainsi que de leur utilisation par LinkedIn.   <\/p> <p>L&rsquo;utilisation de ce service s&rsquo;effectue sur la base de votre consentement selon l&rsquo;art. 6, par. 1, point a du RGPD et l&rsquo;article 25, par. 1 de la TDDDG. Le consentement est r\u00e9vocable \u00e0 tout moment.    <\/p> <p>Le transfert de donn\u00e9es vers les \u00c9tats-Unis est bas\u00e9 sur les clauses contractuelles types de la Commission europ\u00e9enne. Vous trouverez des d\u00e9tails ici : <a href=\"https:\/\/www.linkedin.com\/help\/linkedin\/answer\/a1343190\/datenubertragung-aus-der-eu-dem-ewr-und-der-schweiz?lang=de\" target=\"_blank\" rel=\"noopener noreferrer\">https:\/\/www.linkedin.com\/help\/linkedin\/answer\/a1343190\/datenubertragung-aus-der-eu-dem-ewr-und-der-schweiz?lang=fr<\/a> <\/p> <p>Vous trouverez de plus amples informations \u00e0 ce sujet dans la d\u00e9claration de confidentialit\u00e9 de LinkedIn \u00e0 l&rsquo;adresse : <a href=\"https:\/\/www.linkedin.com\/legal\/privacy-policy\" target=\"_blank\" rel=\"noopener noreferrer\">https:\/\/www.linkedin.com\/legal\/privacy-policy<\/a>.<\/p>\n<p>L&rsquo;entreprise dispose d&rsquo;une certification selon le \u00ab EU-US Data Privacy Framework \u00bb (DPF). Le DPF est un accord entre l&rsquo;Union europ\u00e9enne et les \u00c9tats-Unis visant \u00e0 garantir le respect des normes europ\u00e9ennes de protection des donn\u00e9es lors du traitement des donn\u00e9es aux \u00c9tats-Unis. Chaque entreprise certifi\u00e9e selon le DPF s&rsquo;engage \u00e0 respecter ces normes de protection des donn\u00e9es. Vous obtiendrez de plus amples informations \u00e0 ce sujet aupr\u00e8s du fournisseur sous le lien suivant : <a href=\"https:\/\/www.dataprivacyframework.gov\/participant\/5448\" target=\"_blank\" rel=\"noopener noreferrer\">https:\/\/www.dataprivacyframework.gov\/participant\/5448<\/a>.   <\/p>\n<h2>6. Plugins et outils<\/h2>\n<h3>Google Fonts (h\u00e9bergement local)<\/h3> <p>Cette page utilise des polices de caract\u00e8res appel\u00e9es Google Fonts, fournies par Google, pour une pr\u00e9sentation uniforme des polices. Les Google Fonts sont install\u00e9es localement. Aucune connexion aux serveurs de Google n&rsquo;a lieu.  <\/p> <p>Vous trouverez de plus amples informations sur Google Fonts sur <a href=\"https:\/\/developers.google.com\/fonts\/faq\" target=\"_blank\" rel=\"noopener noreferrer\">https:\/\/developers.google.com\/fonts\/faq<\/a> et dans la d\u00e9claration de confidentialit\u00e9 de Google : <a href=\"https:\/\/policies.google.com\/privacy?hl=de\" target=\"_blank\" rel=\"noopener noreferrer\">https:\/\/policies.google.com\/privacy?hl=fr<\/a>.<\/p>\n<h3>Google Maps<\/h3> <p>Cette page utilise le service de cartographie Google Maps. Le fournisseur est Google Ireland Limited (\u00ab Google \u00bb), Gordon House, Barrow Street, Dublin 4, Irlande. \u00c0 l&rsquo;aide de ce service, nous pouvons int\u00e9grer du mat\u00e9riel cartographique sur notre site web.  <\/p> <p>Pour utiliser les fonctions de Google Maps, il est n\u00e9cessaire d&rsquo;enregistrer votre adresse IP. Ces informations sont g\u00e9n\u00e9ralement transmises \u00e0 un serveur de Google aux \u00c9tats-Unis et y sont stock\u00e9es. Le fournisseur de cette page n&rsquo;a aucune influence sur ce transfert de donn\u00e9es. Si Google Maps est activ\u00e9, Google peut utiliser Google Fonts \u00e0 des fins de pr\u00e9sentation uniforme des polices. Lors de l&rsquo;appel de Google Maps, votre navigateur charge les polices web n\u00e9cessaires dans son cache pour afficher correctement les textes et les polices.    <\/p> <p>L&rsquo;utilisation de Google Maps est effectu\u00e9e dans l&rsquo;int\u00e9r\u00eat d&rsquo;une pr\u00e9sentation attrayante de nos offres en ligne et d&rsquo;une localisation facile des lieux que nous avons indiqu\u00e9s sur le site web. Cela constitue un int\u00e9r\u00eat l\u00e9gitime au sens de l&rsquo;art. 6, par. 1, point f du RGPD. Dans la mesure o\u00f9 un consentement correspondant a \u00e9t\u00e9 demand\u00e9, le traitement s&rsquo;effectue exclusivement sur la base de l&rsquo;art. 6, par. 1, point a du RGPD et de l&rsquo;article 25, par. 1 de la TDDDG, dans la mesure o\u00f9 le consentement inclut le stockage de cookies ou l&rsquo;acc\u00e8s \u00e0 des informations dans l&rsquo;\u00e9quipement terminal de l&rsquo;utilisateur (par exemple, le fingerprinting de l&rsquo;appareil) au sens de la TDDDG. Le consentement est r\u00e9vocable \u00e0 tout moment.        <\/p> <p>Le transfert de donn\u00e9es vers les \u00c9tats-Unis est bas\u00e9 sur les clauses contractuelles types de la Commission europ\u00e9enne. Vous trouverez des d\u00e9tails ici : <a href=\"https:\/\/privacy.google.com\/businesses\/gdprcontrollerterms\/\" target=\"_blank\" rel=\"noopener noreferrer\">https:\/\/privacy.google.com\/businesses\/gdprcontrollerterms\/<\/a> et <a href=\"https:\/\/privacy.google.com\/businesses\/gdprcontrollerterms\/sccs\/\" target=\"_blank\" rel=\"noopener noreferrer\">https:\/\/privacy.google.com\/businesses\/gdprcontrollerterms\/sccs\/<\/a>. <\/p> <p>Vous trouverez plus d&rsquo;informations sur le traitement des donn\u00e9es des utilisateurs dans la d\u00e9claration de confidentialit\u00e9 de Google : <a href=\"https:\/\/policies.google.com\/privacy?hl=de\" target=\"_blank\" rel=\"noopener noreferrer\">https:\/\/policies.google.com\/privacy?hl=fr<\/a>.<\/p>\n<p>L&rsquo;entreprise dispose d&rsquo;une certification selon le \u00ab EU-US Data Privacy Framework \u00bb (DPF). Le DPF est un accord entre l&rsquo;Union europ\u00e9enne et les \u00c9tats-Unis visant \u00e0 garantir le respect des normes europ\u00e9ennes de protection des donn\u00e9es lors du traitement des donn\u00e9es aux \u00c9tats-Unis. Chaque entreprise certifi\u00e9e selon le DPF s&rsquo;engage \u00e0 respecter ces normes de protection des donn\u00e9es. Vous obtiendrez de plus amples informations \u00e0 ce sujet aupr\u00e8s du fournisseur sous le lien suivant : <a href=\"https:\/\/www.dataprivacyframework.gov\/participant\/5780\" target=\"_blank\" rel=\"noopener noreferrer\">https:\/\/www.dataprivacyframework.gov\/participant\/5780<\/a>.   <\/p>\n\t\t\t\t\t\t\t\t<\/div>\n\t\t\t\t\t<\/div>\n\t\t\t\t<\/div>\n\t\t\t\t<\/div>\n\t\t","protected":false},"excerpt":{"rendered":"<p>D\u00e9claration de confidentialit\u00e9 1. Aper\u00e7u de la protection des donn\u00e9es Remarques g\u00e9n\u00e9rales Les remarques suivantes donnent un aper\u00e7u simple de ce qu&rsquo;il advient de vos donn\u00e9es \u00e0 caract\u00e8re personnel lorsque vous visitez ce site web. Les donn\u00e9es \u00e0 caract\u00e8re personnel sont toutes les donn\u00e9es permettant de vous identifier personnellement. Vous trouverez des informations d\u00e9taill\u00e9es sur [&hellip;]<\/p>\n","protected":false},"author":1,"featured_media":0,"parent":0,"menu_order":0,"comment_status":"closed","ping_status":"closed","template":"","meta":{"footnotes":""},"class_list":["post-2515","page","type-page","status-publish","hentry"],"yoast_head":"<!-- This site is optimized with the Yoast SEO plugin v27.3 - https:\/\/yoast.com\/product\/yoast-seo-wordpress\/ -->\n<title>Confidentialit\u00e9 - Separ Filter<\/title>\n<meta name=\"robots\" content=\"index, follow, max-snippet:-1, max-image-preview:large, max-video-preview:-1\" \/>\n<link rel=\"canonical\" href=\"https:\/\/www.separ.de\/fr\/confidentialite\/\" \/>\n<meta property=\"og:locale\" content=\"fr_FR\" \/>\n<meta property=\"og:type\" content=\"article\" \/>\n<meta property=\"og:title\" content=\"Confidentialit\u00e9 - Separ Filter\" \/>\n<meta property=\"og:description\" content=\"D\u00e9claration de confidentialit\u00e9 1. Aper\u00e7u de la protection des donn\u00e9es Remarques g\u00e9n\u00e9rales Les remarques suivantes donnent un aper\u00e7u simple de ce qu&rsquo;il advient de vos donn\u00e9es \u00e0 caract\u00e8re personnel lorsque vous visitez ce site web. Les donn\u00e9es \u00e0 caract\u00e8re personnel sont toutes les donn\u00e9es permettant de vous identifier personnellement. Vous trouverez des informations d\u00e9taill\u00e9es sur [&hellip;]\" \/>\n<meta property=\"og:url\" content=\"https:\/\/www.separ.de\/fr\/confidentialite\/\" \/>\n<meta property=\"og:site_name\" content=\"Separ Filter\" \/>\n<meta property=\"article:modified_time\" content=\"2026-02-27T12:02:52+00:00\" \/>\n<meta name=\"twitter:card\" content=\"summary_large_image\" \/>\n<meta name=\"twitter:label1\" content=\"Dur\u00e9e de lecture estim\u00e9e\" \/>\n\t<meta name=\"twitter:data1\" content=\"23 minutes\" \/>\n<script type=\"application\/ld+json\" class=\"yoast-schema-graph\">{\"@context\":\"https:\\\/\\\/schema.org\",\"@graph\":[{\"@type\":\"WebPage\",\"@id\":\"https:\\\/\\\/www.separ.de\\\/fr\\\/confidentialite\\\/\",\"url\":\"https:\\\/\\\/www.separ.de\\\/fr\\\/confidentialite\\\/\",\"name\":\"Confidentialit\u00e9 - Separ Filter\",\"isPartOf\":{\"@id\":\"https:\\\/\\\/www.separ.de\\\/en\\\/#website\"},\"datePublished\":\"2025-10-21T14:20:48+00:00\",\"dateModified\":\"2026-02-27T12:02:52+00:00\",\"breadcrumb\":{\"@id\":\"https:\\\/\\\/www.separ.de\\\/fr\\\/confidentialite\\\/#breadcrumb\"},\"inLanguage\":\"fr-FR\",\"potentialAction\":[{\"@type\":\"ReadAction\",\"target\":[\"https:\\\/\\\/www.separ.de\\\/fr\\\/confidentialite\\\/\"]}]},{\"@type\":\"BreadcrumbList\",\"@id\":\"https:\\\/\\\/www.separ.de\\\/fr\\\/confidentialite\\\/#breadcrumb\",\"itemListElement\":[{\"@type\":\"ListItem\",\"position\":1,\"name\":\"Start\",\"item\":\"https:\\\/\\\/www.separ.de\\\/fr\\\/page-daccueil\\\/\"},{\"@type\":\"ListItem\",\"position\":2,\"name\":\"Confidentialit\u00e9\"}]},{\"@type\":\"WebSite\",\"@id\":\"https:\\\/\\\/www.separ.de\\\/en\\\/#website\",\"url\":\"https:\\\/\\\/www.separ.de\\\/en\\\/\",\"name\":\"Separ Filter\",\"description\":\"\",\"publisher\":{\"@id\":\"https:\\\/\\\/www.separ.de\\\/en\\\/#organization\"},\"potentialAction\":[{\"@type\":\"SearchAction\",\"target\":{\"@type\":\"EntryPoint\",\"urlTemplate\":\"https:\\\/\\\/www.separ.de\\\/en\\\/?s={search_term_string}\"},\"query-input\":{\"@type\":\"PropertyValueSpecification\",\"valueRequired\":true,\"valueName\":\"search_term_string\"}}],\"inLanguage\":\"fr-FR\"},{\"@type\":\"Organization\",\"@id\":\"https:\\\/\\\/www.separ.de\\\/en\\\/#organization\",\"name\":\"Separ Filter\",\"url\":\"https:\\\/\\\/www.separ.de\\\/en\\\/\",\"logo\":{\"@type\":\"ImageObject\",\"inLanguage\":\"fr-FR\",\"@id\":\"https:\\\/\\\/www.separ.de\\\/en\\\/#\\\/schema\\\/logo\\\/image\\\/\",\"url\":\"https:\\\/\\\/www.separ.de\\\/wp-content\\\/uploads\\\/2025\\\/10\\\/logo_separ.svg\",\"contentUrl\":\"https:\\\/\\\/www.separ.de\\\/wp-content\\\/uploads\\\/2025\\\/10\\\/logo_separ.svg\",\"width\":242,\"height\":114,\"caption\":\"Separ Filter\"},\"image\":{\"@id\":\"https:\\\/\\\/www.separ.de\\\/en\\\/#\\\/schema\\\/logo\\\/image\\\/\"}}]}<\/script>\n<!-- \/ Yoast SEO plugin. -->","yoast_head_json":{"title":"Confidentialit\u00e9 - Separ Filter","robots":{"index":"index","follow":"follow","max-snippet":"max-snippet:-1","max-image-preview":"max-image-preview:large","max-video-preview":"max-video-preview:-1"},"canonical":"https:\/\/www.separ.de\/fr\/confidentialite\/","og_locale":"fr_FR","og_type":"article","og_title":"Confidentialit\u00e9 - Separ Filter","og_description":"D\u00e9claration de confidentialit\u00e9 1. Aper\u00e7u de la protection des donn\u00e9es Remarques g\u00e9n\u00e9rales Les remarques suivantes donnent un aper\u00e7u simple de ce qu&rsquo;il advient de vos donn\u00e9es \u00e0 caract\u00e8re personnel lorsque vous visitez ce site web. Les donn\u00e9es \u00e0 caract\u00e8re personnel sont toutes les donn\u00e9es permettant de vous identifier personnellement. Vous trouverez des informations d\u00e9taill\u00e9es sur [&hellip;]","og_url":"https:\/\/www.separ.de\/fr\/confidentialite\/","og_site_name":"Separ Filter","article_modified_time":"2026-02-27T12:02:52+00:00","twitter_card":"summary_large_image","twitter_misc":{"Dur\u00e9e de lecture estim\u00e9e":"23 minutes"},"schema":{"@context":"https:\/\/schema.org","@graph":[{"@type":"WebPage","@id":"https:\/\/www.separ.de\/fr\/confidentialite\/","url":"https:\/\/www.separ.de\/fr\/confidentialite\/","name":"Confidentialit\u00e9 - Separ Filter","isPartOf":{"@id":"https:\/\/www.separ.de\/en\/#website"},"datePublished":"2025-10-21T14:20:48+00:00","dateModified":"2026-02-27T12:02:52+00:00","breadcrumb":{"@id":"https:\/\/www.separ.de\/fr\/confidentialite\/#breadcrumb"},"inLanguage":"fr-FR","potentialAction":[{"@type":"ReadAction","target":["https:\/\/www.separ.de\/fr\/confidentialite\/"]}]},{"@type":"BreadcrumbList","@id":"https:\/\/www.separ.de\/fr\/confidentialite\/#breadcrumb","itemListElement":[{"@type":"ListItem","position":1,"name":"Start","item":"https:\/\/www.separ.de\/fr\/page-daccueil\/"},{"@type":"ListItem","position":2,"name":"Confidentialit\u00e9"}]},{"@type":"WebSite","@id":"https:\/\/www.separ.de\/en\/#website","url":"https:\/\/www.separ.de\/en\/","name":"Separ Filter","description":"","publisher":{"@id":"https:\/\/www.separ.de\/en\/#organization"},"potentialAction":[{"@type":"SearchAction","target":{"@type":"EntryPoint","urlTemplate":"https:\/\/www.separ.de\/en\/?s={search_term_string}"},"query-input":{"@type":"PropertyValueSpecification","valueRequired":true,"valueName":"search_term_string"}}],"inLanguage":"fr-FR"},{"@type":"Organization","@id":"https:\/\/www.separ.de\/en\/#organization","name":"Separ Filter","url":"https:\/\/www.separ.de\/en\/","logo":{"@type":"ImageObject","inLanguage":"fr-FR","@id":"https:\/\/www.separ.de\/en\/#\/schema\/logo\/image\/","url":"https:\/\/www.separ.de\/wp-content\/uploads\/2025\/10\/logo_separ.svg","contentUrl":"https:\/\/www.separ.de\/wp-content\/uploads\/2025\/10\/logo_separ.svg","width":242,"height":114,"caption":"Separ Filter"},"image":{"@id":"https:\/\/www.separ.de\/en\/#\/schema\/logo\/image\/"}}]}},"_links":{"self":[{"href":"https:\/\/www.separ.de\/fr\/wp-json\/wp\/v2\/pages\/2515","targetHints":{"allow":["GET"]}}],"collection":[{"href":"https:\/\/www.separ.de\/fr\/wp-json\/wp\/v2\/pages"}],"about":[{"href":"https:\/\/www.separ.de\/fr\/wp-json\/wp\/v2\/types\/page"}],"author":[{"embeddable":true,"href":"https:\/\/www.separ.de\/fr\/wp-json\/wp\/v2\/users\/1"}],"replies":[{"embeddable":true,"href":"https:\/\/www.separ.de\/fr\/wp-json\/wp\/v2\/comments?post=2515"}],"version-history":[{"count":0,"href":"https:\/\/www.separ.de\/fr\/wp-json\/wp\/v2\/pages\/2515\/revisions"}],"wp:attachment":[{"href":"https:\/\/www.separ.de\/fr\/wp-json\/wp\/v2\/media?parent=2515"}],"curies":[{"name":"wp","href":"https:\/\/api.w.org\/{rel}","templated":true}]}}