{"id":2523,"date":"2025-10-21T16:20:54","date_gmt":"2025-10-21T14:20:54","guid":{"rendered":"https:\/\/separ.dev-pixalla.de\/cgv\/"},"modified":"2026-03-13T14:08:08","modified_gmt":"2026-03-13T13:08:08","slug":"cgv","status":"publish","type":"page","link":"https:\/\/www.separ.de\/fr\/cgv\/","title":{"rendered":"CGV"},"content":{"rendered":"\t\t<div data-elementor-type=\"wp-page\" data-elementor-id=\"2523\" class=\"elementor elementor-2523 elementor-960\" data-elementor-post-type=\"page\">\n\t\t\t\t<div class=\"elementor-element elementor-element-366f988 e-flex e-con-boxed e-con e-parent\" data-id=\"366f988\" data-element_type=\"container\" data-e-type=\"container\">\n\t\t\t\t\t<div class=\"e-con-inner\">\n\t\t\t\t<div class=\"elementor-element elementor-element-f13ad10 elementor-widget elementor-widget-text-editor\" data-id=\"f13ad10\" data-element_type=\"widget\" data-e-type=\"widget\" data-widget_type=\"text-editor.default\">\n\t\t\t\t\t\t\t\t\t<h1>Willibrord L\u00f6sing Filterproduktion GmbH<\/h1>\n<h2>Conditions g\u00e9n\u00e9rales de vente<\/h2>\n\n<h3>\u00a7 1 Champ d\u2019application<\/h3>\n\n<p><strong>1.<\/strong><br>Les pr\u00e9sentes CGV s&rsquo;appliquent exclusivement. Nous ne reconnaissons pas les CGV de nos partenaires commerciaux qui d\u00e9rogent ou s&rsquo;opposent \u00e0 nos\nCGV, sauf si\nnous avons express\u00e9ment consenti par \u00e9crit \u00e0 leur application. Nos CGV s&rsquo;appliquent\n\u00e9galement si, en connaissance des CGV divergentes ou\ncontraires de nos partenaires commerciaux, nous fournissons des services\nsans r\u00e9serve (par exemple, livrons des marchandises) ou les acceptons.  \n<\/p>\n\n<p><strong>2.<\/strong><br>Les pr\u00e9sentes CGV s&rsquo;appliquent aussi bien aux consommateurs (\u00a7 13 BGB) qu\u2019aux\nentrepreneurs (\u00a7 14 BGB), dans la mesure o\u00f9 aucune distinction n&rsquo;est faite dans les\nclauses suivantes.\n<\/p>\n\n<h3>\u00a7 2 Relations pr\u00e9contractuelles et conclusion du contrat<\/h3>\n\n<p><strong>1.<\/strong><br>Nos offres sont toujours sans engagement. Une commande ou un ordre\nconstitue une offre ferme du client, que nous pouvons accepter dans un d\u00e9lai de\n2 semaines par l\u2019envoi d\u2019une confirmation de commande ou par la fourniture de la\nprestation. Si la commande est pass\u00e9e via la boutique en ligne, le d\u00e9lai d\u2019acceptation est de\n2 jours.  \n<\/p>\n\n<p><strong>2.<\/strong><br>Nous nous r\u00e9servons les droits de propri\u00e9t\u00e9 et d\u2019auteur sur tous les documents, tels que photos, calculs,\ndessins, etc., y compris ceux\nqui sont confidentiels. Toute transmission \u00e0 des tiers n\u00e9cessite notre consentement\n\u00e9crit expr\u00e8s. \n<\/p>\n\n<h3>\u00a7 3 Conditions de paiement<\/h3>\n\n<p><strong>1.<\/strong><br>Le prix propos\u00e9 est ferme et inclut la\ntaxe sur la valeur ajout\u00e9e l\u00e9gale pour les consommateurs. Pour les entrepreneurs, seul le prix net est\nindiqu\u00e9, la taxe sur le chiffre d\u2019affaires l\u00e9gale \u00e9tant sp\u00e9cifi\u00e9e s\u00e9par\u00e9ment sur la facture.\nLa taxe sur le chiffre d\u2019affaires l\u00e9gale au moment de la\nfacturation s\u2019applique.  \n<\/p>\n\n<p><strong>2.<\/strong><br>Les modifications de prix sont autoris\u00e9es pour les consommateurs si plus de 4 mois s\u2019\u00e9coulent entre la\nconclusion du contrat et la date de livraison convenue. Si les salaires ou les co\u00fbts des mat\u00e9riaux\nchangent pendant cette p\u00e9riode jusqu\u2019\u00e0 la livraison, nous sommes\nautoris\u00e9s \u00e0 ajuster le prix en fonction des augmentations ou diminutions de co\u00fbts.\nUn droit de r\u00e9tractation n\u2019existe pour le client que si l\u2019augmentation\nde prix d\u00e9passe consid\u00e9rablement l\u2019augmentation du co\u00fbt g\u00e9n\u00e9ral de la vie entre la\ncommande et la livraison.  \n<\/p>\n\n<p><strong>3.<\/strong><br>Pour les entrepreneurs, un prix sup\u00e9rieur au prix convenu s\u2019applique si, au\nmoment de la prestation, le prix convenu augmente en raison d\u2019une modification du\nprix du march\u00e9 ou si des tiers mandat\u00e9s par nous pour la prestation\nexigent des r\u00e9mun\u00e9rations plus \u00e9lev\u00e9es. Si le prix sup\u00e9rieur est de 20 % ou plus\nau-dessus du prix convenu, le cocontractant a le droit de d\u00e9clarer la r\u00e9siliation du\ncontrat. La r\u00e9siliation du contrat doit \u00eatre exerc\u00e9e imm\u00e9diatement apr\u00e8s la notification\ndu prix augment\u00e9.  \n<\/p>\n\n<p><strong>4.<\/strong><br>La r\u00e9mun\u00e9ration est payable dans les 7 jours suivant la r\u00e9ception de la marchandise ou la\nprestation de service. Apr\u00e8s l\u2019expiration de ce d\u00e9lai, le cocontractant\nest automatiquement en d\u00e9faut de paiement. La d\u00e9duction d\u2019escomptes ou les paiements \u00e9chelonn\u00e9s\nn\u00e9cessitent notre consentement \u00e9crit expr\u00e8s.  \n<\/p>\n\n<p><strong>5.<\/strong><br>Le droit de compensation n\u2019est accord\u00e9 au cocontractant que si les\ncontre-cr\u00e9ances sont reconnues par nous sans contestation, sont mutuellement li\u00e9es \u00e0 notre\ncr\u00e9ance principale ou ont \u00e9t\u00e9 \u00e9tablies par d\u00e9cision de justice. Le droit de r\u00e9tention\nest limit\u00e9 pour les entrepreneurs de telle sorte qu\u2019il ne peut \u00eatre\nexerc\u00e9 que si la contre-cr\u00e9ance repose sur la m\u00eame relation contractuelle\n. \n<\/p>\n\n<h3>\u00a7 4 D\u00e9lais de livraison<\/h3>\n\n<p><strong>1.<\/strong><br>Si des d\u00e9lais de livraison ont \u00e9t\u00e9 convenus, ceux-ci sont prolong\u00e9s en cas de gr\u00e8ve et de cas\nde force majeure et si le cocontractant ne remplit pas ses obligations de coop\u00e9ration\npendant la dur\u00e9e du retard.\n<\/p>\n\n<p><strong>2.<\/strong><br>Si le cocontractant est un entrepreneur, la livraison d\u00e9part usine est r\u00e9put\u00e9e convenue ;\ncela ne s\u2019applique que si un autre accord a \u00e9t\u00e9 conclu, qui n\u00e9cessite notre\nconfirmation \u00e9crite ou si la confirmation de commande indique\nautre chose.\n<\/p>\n\n<h3>\u00a7 5 Retard d\u2019acceptation<\/h3>\n\n<p>\nSi le cocontractant, apr\u00e8s l\u2019expiration d\u2019un d\u00e9lai de gr\u00e2ce raisonnable, sous\nmenace de se retirer du contrat apr\u00e8s l\u2019expiration infructueuse du d\u00e9lai ou\nde demander des dommages et int\u00e9r\u00eats au lieu de la prestation, garde le silence ou refuse\nexpress\u00e9ment la r\u00e9ception, notre droit \u00e0 l\u2019ex\u00e9cution du contrat demeure.\nNous avons cependant le droit, dans ces cas, de r\u00e9silier le contrat et\/ou\nde demander des dommages et int\u00e9r\u00eats au lieu de la prestation. \u00c0 titre de dommages et int\u00e9r\u00eats au lieu de la\nprestation, nous pouvons exiger 25 % du prix net, \u00e0 moins que le cocontractant ne\nprouve qu\u2019aucun dommage n\u2019est survenu ou qu\u2019il n\u2019est pas de l\u2019ordre du forfait\nindiqu\u00e9. \n<\/p>\n\n<h3>\u00a7 6 Responsabilit\u00e9<\/h3>\n\n<p><strong>1.<\/strong><br>Si le cocontractant est un consommateur, il doit signaler les d\u00e9fauts \u00e9vidents par \u00e9crit dans les\n2 semaines suivant l\u2019apparition du d\u00e9faut. Si le signalement du\nd\u00e9faut n\u2019est pas effectu\u00e9 dans ce d\u00e9lai, les droits de garantie expirent.\nCeci ne s\u2019applique pas si nous avons dissimul\u00e9 le d\u00e9faut de mani\u00e8re frauduleuse ou si nous avons accord\u00e9 une garantie pour\nla qualit\u00e9 de la chose (\u00a7 444 BGB). Pour le reste, nous sommes\nresponsables en cas de d\u00e9faut conform\u00e9ment aux dispositions l\u00e9gales.  \n<\/p>\n\n<p><strong>2.<\/strong><br>Envers les entrepreneurs, nous nous r\u00e9servons le droit, en cas de d\u00e9faut,\nde choisir le type d\u2019ex\u00e9cution ult\u00e9rieure.\n<\/p>\n\n<p><strong>3.<\/strong><br>Envers les consommateurs, le d\u00e9lai de prescription pour les r\u00e9clamations en raison d\u2019un\nd\u00e9faut lors de la livraison de biens neufs est de 2 ans et lors de la livraison de biens d\u2019occasion\nest de 1 an ; le d\u00e9lai commence avec le transfert des risques.\n<\/p>\n\n<p><strong>4.<\/strong><br>Envers les entrepreneurs, le d\u00e9lai de prescription pour les r\u00e9clamations en raison d\u2019un\nd\u00e9faut est en principe d\u2019un an. Les d\u00e9lais de prescription en cas de recours conform\u00e9ment\naux \u00a7\u00a7 478 et 479 BGB restent inchang\u00e9s. \n<\/p>\n\n<p><strong>5.<\/strong><br>La responsabilit\u00e9 pour les manquements contractuels et la responsabilit\u00e9 d\u00e9lictuelle sont limit\u00e9es \u00e0\nl\u2019intention et \u00e0 la n\u00e9gligence grave. L\u2019exclusion de responsabilit\u00e9 s\u2019applique \u00e9galement\naux manquements par n\u00e9gligence l\u00e9g\u00e8re de nos auxiliaires d\u2019ex\u00e9cution. Ceci ne s\u2019applique pas\nen cas d\u2019atteinte \u00e0 la vie, \u00e0 l\u2019int\u00e9grit\u00e9 physique et \u00e0 la sant\u00e9, ainsi qu\u2019en cas de dommages dus\nau retard.  \n<\/p>\n\n<p><strong>6.<\/strong><br>Dans la mesure o\u00f9 la responsabilit\u00e9 conform\u00e9ment au \u00a7 6 n\u00b0 5 pour les dommages qui ne sont pas dus \u00e0 une atteinte \u00e0 la\nvie, \u00e0 l\u2019int\u00e9grit\u00e9 physique ou \u00e0 la sant\u00e9 n\u2019est pas\nexclue pour n\u00e9gligence l\u00e9g\u00e8re, ces r\u00e9clamations se prescrivent dans un d\u00e9lai d\u2019un an.\n<\/p>\n\n<p><strong>7.<\/strong><br>Dans la mesure o\u00f9 la responsabilit\u00e9 en dommages et int\u00e9r\u00eats envers nous est exclue ou\nlimit\u00e9e, cela s\u2019applique \u00e9galement \u00e0 la responsabilit\u00e9 personnelle en dommages et int\u00e9r\u00eats\nde nos employ\u00e9s, repr\u00e9sentants et auxiliaires d\u2019ex\u00e9cution.\n<\/p>\n\n<h3>\u00a7 7 R\u00e9serve de propri\u00e9t\u00e9<\/h3>\n\n<p><strong>1.<\/strong><br>Envers les consommateurs, nous nous r\u00e9servons la propri\u00e9t\u00e9 de la marchandise jusqu\u2019au\npaiement int\u00e9gral du prix d\u2019achat.\n<\/p>\n\n<p><strong>2.<\/strong><br>Envers les entrepreneurs, nous nous r\u00e9servons la propri\u00e9t\u00e9 de la marchandise jusqu\u2019\u00e0\nl\u2019ex\u00e9cution de toutes les cr\u00e9ances envers l\u2019entrepreneur.\n<\/p>\n\n<p><strong>3.<\/strong><br>Si un tiers proc\u00e8de \u00e0 l\u2019ex\u00e9cution forc\u00e9e de marchandises sous r\u00e9serve de propri\u00e9t\u00e9,\nle cocontractant doit nous en informer imm\u00e9diatement.\n<\/p>\n\n<p><strong>4.<\/strong><br>Si le cocontractant est un entrepreneur, il nous c\u00e8de, en cas de revente\nou de location des marchandises livr\u00e9es sous r\u00e9serve, les cr\u00e9ances qui en r\u00e9sultent\nenvers ses cocontractants \u00e0 titre de garantie.\n<\/p>\n\n<p><strong>5.<\/strong><br>Si la valeur de la garantie de nos cr\u00e9ances envers le cocontractant d\u00e9passe\n20 %, nous devons lib\u00e9rer les garanties \u00e0 sa demande.\n<\/p>\n\n<h3>\u00a7 8 Formalisme<\/h3>\n<p>\nLes d\u00e9clarations et notifications juridiquement pertinentes qui nous sont adress\u00e9es ou \u00e0 un tiers\ndoivent \u00eatre faites par \u00e9crit.\n<\/p>\n\n<h3>\u00a7 9 Prescription des droits au paiement<\/h3>\n<p>\nPar d\u00e9rogation au \u00a7 195 BGB, nos cr\u00e9ances de paiement se prescrivent par 5 ans.\nLa prescription commence \u00e0 la fin de l\u2019ann\u00e9e au cours de laquelle la cr\u00e9ance\nest n\u00e9e et le cr\u00e9ancier en a eu connaissance ou aurait d\u00fb en avoir connaissance sans n\u00e9gligence grave\n.\n<\/p>\n\n<h3>\u00a7 10 Divers<\/h3>\n\n<p><strong>1.<\/strong><br>Le lieu d\u2019ex\u00e9cution et de paiement est notre si\u00e8ge social, sauf accord\n\u00e9crit expr\u00e8s contraire.\n<\/p>\n\n<p><strong>2.<\/strong><br>La Convention des Nations Unies sur les contrats de vente internationale de marchandises est exclue. Le droit de la R\u00e9publique f\u00e9d\u00e9rale\nd\u2019Allemagne s\u2019applique. \n<\/p>\n\n<p><strong>3.<\/strong><br>Si le cocontractant est un commer\u00e7ant, une personne morale de droit public\nou un patrimoine sp\u00e9cial de droit public, le tribunal comp\u00e9tent est celui du\nsi\u00e8ge de notre entreprise.\n<\/p>\t\t\t\t\t\t\t\t<\/div>\n\t\t\t\t\t<\/div>\n\t\t\t\t<\/div>\n\t\t\t\t<\/div>\n\t\t","protected":false},"excerpt":{"rendered":"<p>Willibrord L\u00f6sing Filterproduktion GmbH Conditions g\u00e9n\u00e9rales de vente \u00a7 1 Champ d\u2019application 1.Les pr\u00e9sentes CGV s&rsquo;appliquent exclusivement. Nous ne reconnaissons pas les CGV de nos partenaires commerciaux qui d\u00e9rogent ou s&rsquo;opposent \u00e0 nos CGV, sauf si nous avons express\u00e9ment consenti par \u00e9crit \u00e0 leur application. Nos CGV s&rsquo;appliquent \u00e9galement si, en connaissance des CGV divergentes [&hellip;]<\/p>\n","protected":false},"author":1,"featured_media":0,"parent":0,"menu_order":0,"comment_status":"closed","ping_status":"closed","template":"","meta":{"footnotes":""},"class_list":["post-2523","page","type-page","status-publish","hentry"],"yoast_head":"<!-- This site is optimized with the Yoast SEO plugin v27.3 - https:\/\/yoast.com\/product\/yoast-seo-wordpress\/ -->\n<title>CGV - Separ Filter<\/title>\n<meta name=\"robots\" content=\"index, follow, max-snippet:-1, max-image-preview:large, max-video-preview:-1\" \/>\n<link rel=\"canonical\" href=\"https:\/\/www.separ.de\/fr\/cgv\/\" \/>\n<meta property=\"og:locale\" content=\"fr_FR\" \/>\n<meta property=\"og:type\" content=\"article\" \/>\n<meta property=\"og:title\" content=\"CGV - Separ Filter\" \/>\n<meta property=\"og:description\" content=\"Willibrord L\u00f6sing Filterproduktion GmbH Conditions g\u00e9n\u00e9rales de vente \u00a7 1 Champ d\u2019application 1.Les pr\u00e9sentes CGV s&rsquo;appliquent exclusivement. Nous ne reconnaissons pas les CGV de nos partenaires commerciaux qui d\u00e9rogent ou s&rsquo;opposent \u00e0 nos CGV, sauf si nous avons express\u00e9ment consenti par \u00e9crit \u00e0 leur application. Nos CGV s&rsquo;appliquent \u00e9galement si, en connaissance des CGV divergentes [&hellip;]\" \/>\n<meta property=\"og:url\" content=\"https:\/\/www.separ.de\/fr\/cgv\/\" \/>\n<meta property=\"og:site_name\" content=\"Separ Filter\" \/>\n<meta property=\"article:modified_time\" content=\"2026-03-13T13:08:08+00:00\" \/>\n<meta name=\"twitter:card\" content=\"summary_large_image\" \/>\n<meta name=\"twitter:label1\" content=\"Dur\u00e9e de lecture estim\u00e9e\" \/>\n\t<meta name=\"twitter:data1\" content=\"7 minutes\" \/>\n<script type=\"application\/ld+json\" class=\"yoast-schema-graph\">{\"@context\":\"https:\\\/\\\/schema.org\",\"@graph\":[{\"@type\":\"WebPage\",\"@id\":\"https:\\\/\\\/www.separ.de\\\/fr\\\/cgv\\\/\",\"url\":\"https:\\\/\\\/www.separ.de\\\/fr\\\/cgv\\\/\",\"name\":\"CGV - Separ Filter\",\"isPartOf\":{\"@id\":\"https:\\\/\\\/www.separ.de\\\/en\\\/#website\"},\"datePublished\":\"2025-10-21T14:20:54+00:00\",\"dateModified\":\"2026-03-13T13:08:08+00:00\",\"breadcrumb\":{\"@id\":\"https:\\\/\\\/www.separ.de\\\/fr\\\/cgv\\\/#breadcrumb\"},\"inLanguage\":\"fr-FR\",\"potentialAction\":[{\"@type\":\"ReadAction\",\"target\":[\"https:\\\/\\\/www.separ.de\\\/fr\\\/cgv\\\/\"]}]},{\"@type\":\"BreadcrumbList\",\"@id\":\"https:\\\/\\\/www.separ.de\\\/fr\\\/cgv\\\/#breadcrumb\",\"itemListElement\":[{\"@type\":\"ListItem\",\"position\":1,\"name\":\"Start\",\"item\":\"https:\\\/\\\/www.separ.de\\\/fr\\\/page-daccueil\\\/\"},{\"@type\":\"ListItem\",\"position\":2,\"name\":\"CGV\"}]},{\"@type\":\"WebSite\",\"@id\":\"https:\\\/\\\/www.separ.de\\\/en\\\/#website\",\"url\":\"https:\\\/\\\/www.separ.de\\\/en\\\/\",\"name\":\"Separ Filter\",\"description\":\"\",\"publisher\":{\"@id\":\"https:\\\/\\\/www.separ.de\\\/en\\\/#organization\"},\"potentialAction\":[{\"@type\":\"SearchAction\",\"target\":{\"@type\":\"EntryPoint\",\"urlTemplate\":\"https:\\\/\\\/www.separ.de\\\/en\\\/?s={search_term_string}\"},\"query-input\":{\"@type\":\"PropertyValueSpecification\",\"valueRequired\":true,\"valueName\":\"search_term_string\"}}],\"inLanguage\":\"fr-FR\"},{\"@type\":\"Organization\",\"@id\":\"https:\\\/\\\/www.separ.de\\\/en\\\/#organization\",\"name\":\"Separ Filter\",\"url\":\"https:\\\/\\\/www.separ.de\\\/en\\\/\",\"logo\":{\"@type\":\"ImageObject\",\"inLanguage\":\"fr-FR\",\"@id\":\"https:\\\/\\\/www.separ.de\\\/en\\\/#\\\/schema\\\/logo\\\/image\\\/\",\"url\":\"https:\\\/\\\/www.separ.de\\\/wp-content\\\/uploads\\\/2025\\\/10\\\/logo_separ.svg\",\"contentUrl\":\"https:\\\/\\\/www.separ.de\\\/wp-content\\\/uploads\\\/2025\\\/10\\\/logo_separ.svg\",\"width\":242,\"height\":114,\"caption\":\"Separ Filter\"},\"image\":{\"@id\":\"https:\\\/\\\/www.separ.de\\\/en\\\/#\\\/schema\\\/logo\\\/image\\\/\"}}]}<\/script>\n<!-- \/ Yoast SEO plugin. -->","yoast_head_json":{"title":"CGV - Separ Filter","robots":{"index":"index","follow":"follow","max-snippet":"max-snippet:-1","max-image-preview":"max-image-preview:large","max-video-preview":"max-video-preview:-1"},"canonical":"https:\/\/www.separ.de\/fr\/cgv\/","og_locale":"fr_FR","og_type":"article","og_title":"CGV - Separ Filter","og_description":"Willibrord L\u00f6sing Filterproduktion GmbH Conditions g\u00e9n\u00e9rales de vente \u00a7 1 Champ d\u2019application 1.Les pr\u00e9sentes CGV s&rsquo;appliquent exclusivement. Nous ne reconnaissons pas les CGV de nos partenaires commerciaux qui d\u00e9rogent ou s&rsquo;opposent \u00e0 nos CGV, sauf si nous avons express\u00e9ment consenti par \u00e9crit \u00e0 leur application. Nos CGV s&rsquo;appliquent \u00e9galement si, en connaissance des CGV divergentes [&hellip;]","og_url":"https:\/\/www.separ.de\/fr\/cgv\/","og_site_name":"Separ Filter","article_modified_time":"2026-03-13T13:08:08+00:00","twitter_card":"summary_large_image","twitter_misc":{"Dur\u00e9e de lecture estim\u00e9e":"7 minutes"},"schema":{"@context":"https:\/\/schema.org","@graph":[{"@type":"WebPage","@id":"https:\/\/www.separ.de\/fr\/cgv\/","url":"https:\/\/www.separ.de\/fr\/cgv\/","name":"CGV - Separ Filter","isPartOf":{"@id":"https:\/\/www.separ.de\/en\/#website"},"datePublished":"2025-10-21T14:20:54+00:00","dateModified":"2026-03-13T13:08:08+00:00","breadcrumb":{"@id":"https:\/\/www.separ.de\/fr\/cgv\/#breadcrumb"},"inLanguage":"fr-FR","potentialAction":[{"@type":"ReadAction","target":["https:\/\/www.separ.de\/fr\/cgv\/"]}]},{"@type":"BreadcrumbList","@id":"https:\/\/www.separ.de\/fr\/cgv\/#breadcrumb","itemListElement":[{"@type":"ListItem","position":1,"name":"Start","item":"https:\/\/www.separ.de\/fr\/page-daccueil\/"},{"@type":"ListItem","position":2,"name":"CGV"}]},{"@type":"WebSite","@id":"https:\/\/www.separ.de\/en\/#website","url":"https:\/\/www.separ.de\/en\/","name":"Separ Filter","description":"","publisher":{"@id":"https:\/\/www.separ.de\/en\/#organization"},"potentialAction":[{"@type":"SearchAction","target":{"@type":"EntryPoint","urlTemplate":"https:\/\/www.separ.de\/en\/?s={search_term_string}"},"query-input":{"@type":"PropertyValueSpecification","valueRequired":true,"valueName":"search_term_string"}}],"inLanguage":"fr-FR"},{"@type":"Organization","@id":"https:\/\/www.separ.de\/en\/#organization","name":"Separ Filter","url":"https:\/\/www.separ.de\/en\/","logo":{"@type":"ImageObject","inLanguage":"fr-FR","@id":"https:\/\/www.separ.de\/en\/#\/schema\/logo\/image\/","url":"https:\/\/www.separ.de\/wp-content\/uploads\/2025\/10\/logo_separ.svg","contentUrl":"https:\/\/www.separ.de\/wp-content\/uploads\/2025\/10\/logo_separ.svg","width":242,"height":114,"caption":"Separ Filter"},"image":{"@id":"https:\/\/www.separ.de\/en\/#\/schema\/logo\/image\/"}}]}},"_links":{"self":[{"href":"https:\/\/www.separ.de\/fr\/wp-json\/wp\/v2\/pages\/2523","targetHints":{"allow":["GET"]}}],"collection":[{"href":"https:\/\/www.separ.de\/fr\/wp-json\/wp\/v2\/pages"}],"about":[{"href":"https:\/\/www.separ.de\/fr\/wp-json\/wp\/v2\/types\/page"}],"author":[{"embeddable":true,"href":"https:\/\/www.separ.de\/fr\/wp-json\/wp\/v2\/users\/1"}],"replies":[{"embeddable":true,"href":"https:\/\/www.separ.de\/fr\/wp-json\/wp\/v2\/comments?post=2523"}],"version-history":[{"count":0,"href":"https:\/\/www.separ.de\/fr\/wp-json\/wp\/v2\/pages\/2523\/revisions"}],"wp:attachment":[{"href":"https:\/\/www.separ.de\/fr\/wp-json\/wp\/v2\/media?parent=2523"}],"curies":[{"name":"wp","href":"https:\/\/api.w.org\/{rel}","templated":true}]}}